{"id":3742,"date":"2025-09-22T13:28:46","date_gmt":"2025-09-22T11:28:46","guid":{"rendered":"https:\/\/webouwen.com\/vacature\/ferde-tetofedo\/"},"modified":"2026-03-25T11:05:27","modified_gmt":"2026-03-25T10:05:27","slug":"ferde-tetofedo","status":"publish","type":"job_listing","link":"https:\/\/webouwen.com\/hu\/vacature\/ferde-tetofedo\/","title":{"rendered":"Ferde tet\u0151fed\u0151"},"content":{"rendered":"<p data-start=\"99\" data-end=\"728\"><strong>Tapasztalt Ferde tet\u0151fed\u0151 vagy \u00e9s k\u00e9szen \u00e1llsz egy \u00faj kih\u00edv\u00e1sra Akkor ez a lehet\u0151s\u00e9g neked sz\u00f3l T\u00f6bb megb\u00edz\u00f3nk sz\u00e1m\u00e1ra keres\u00fcnk szakembereket akik specializ\u00e1l\u00f3dtak ferde tet\u0151k\u00f6n val\u00f3 munk\u00e1ra Cser\u00e9ptet\u0151k szak\u00e9rt\u0151jek\u00e9nt v\u00e1ltozatos projekteken dolgozhatsz az \u00faj \u00e9p\u00edt\u00e9st\u0151l a fel\u00faj\u00edt\u00e1son \u00e1t a karbantart\u00e1sig Gondoskodsz r\u00f3la hogy a tet\u0151k biztons\u00e1gosan tart\u00f3san \u00e9s prec\u00edzen legyenek kivitelezve \u00edgy a lak\u00f3k \u00e9s megb\u00edz\u00f3k hossz\u00fa \u00e9veken \u00e1t megb\u00edzhat\u00f3 tet\u0151ben b\u00edzhatnak Szak\u00e9rtelmeddel k\u00f6zvetlen\u00fcl hozz\u00e1j\u00e1rulsz az \u00e9p\u00fcletek \u00e9p\u00edt\u00e9s\u00e9hez fel\u00faj\u00edt\u00e1s\u00e1hoz \u00e9s fenntarthat\u00f3s\u00e1g\u00e1hoz<\/strong><\/p>\n<p data-start=\"730\" data-end=\"1304\">Tet\u0151fed\u0151k\u00e9nt Hollandi\u00e1ban \u00d6n j\u00e1rtas a hagyom\u00e1nyos \u00e9s modern tet\u0151fed\u00e9si technik\u00e1kban, \u00edgy minden feladatot sikeresen megold. Legyen sz\u00f3 \u00faj cser\u00e9ptet\u0151k lefektet\u00e9s\u00e9r\u0151l, s\u00e9r\u00fclt tet\u0151k jav\u00edt\u00e1s\u00e1r\u00f3l vagy szigetel\u00e9s \u00e9s al\u00e1t\u00e9tszerkezetek kialak\u00edt\u00e1s\u00e1r\u00f3l, \u00d6nnek ez nem jelent kih\u00edv\u00e1st. Szak\u00e9rtelm\u00e9vel garant\u00e1lja a legmagasabb min\u0151s\u00e9get a fenntarthat\u00f3s\u00e1g, energiahat\u00e9konys\u00e1g \u00e9s biztons\u00e1g ter\u00e9n. \u00cdgy nap mint nap hozz\u00e1j\u00e1rul a hollandiai lak\u00e1s\u00e9p\u00edt\u00e9s \u00e9s tet\u0151fel\u00faj\u00edt\u00e1s j\u00f6v\u0151j\u00e9hez. (Kulcsszavak: tet\u0151fed\u0151 \u00e1ll\u00e1s Hollandi\u00e1ban, ferde tet\u0151 munka, cser\u00e9ptet\u0151 tet\u0151fed\u0151, tet\u0151szigetel\u00e9s, tet\u0151fel\u00faj\u00edt\u00e1s munka k\u00fclf\u00f6ld\u00f6n)<\/p>\n<h2 data-start=\"611\" data-end=\"747\">Mit fogsz csin\u00e1lni?<\/h2>\n<ul>\n<li data-start=\"775\" data-end=\"869\">\n<p data-start=\"777\" data-end=\"869\">Cser\u00e9ptet\u0151k lefektet\u00e9se, karbantart\u00e1sa \u00e9s fel\u00faj\u00edt\u00e1sa.<\/p>\n<\/li>\n<li data-start=\"870\" data-end=\"942\">\n<p data-start=\"872\" data-end=\"942\">Al\u00e1t\u00e9tszerkezetek, szigetel\u00e9s \u00e9s v\u00edzz\u00e1r\u00f3 r\u00e9tegek kialak\u00edt\u00e1sa.<\/p>\n<\/li>\n<li data-start=\"943\" data-end=\"1002\">\n<p data-start=\"945\" data-end=\"1002\">Ereszcsatorn\u00e1k, k\u00e9m\u00e9nyek \u00e9s b\u00e1dogoz\u00e1si elemek szerel\u00e9se.<\/p>\n<\/li>\n<li data-start=\"1003\" data-end=\"1074\">\n<p data-start=\"1005\" data-end=\"1074\">Helyre\u00e1ll\u00edt\u00e1si \u00e9s fel\u00faj\u00edt\u00e1si munk\u00e1k elv\u00e9gz\u00e9se ferde tet\u0151k\u00f6n<\/p>\n<\/li>\n<li data-start=\"1075\" data-end=\"1149\">\n<p data-start=\"1077\" data-end=\"1149\">Anyagok biztos\u00edt\u00e1sa \u00e9s egy\u00fcttm\u0171k\u00f6d\u00e9s a koll\u00e9g\u00e1kkal az \u00e9p\u00edtkez\u00e9sen.<\/p>\n<\/li>\n<li data-start=\"1150\" data-end=\"1203\">\n<p data-start=\"1152\" data-end=\"1203\">Tanul\u00f3 tet\u0151fed\u0151k betan\u00edt\u00e1s\u00e1nak \u00e9s ir\u00e1ny\u00edt\u00e1s\u00e1nak t\u00e1mogat\u00e1sa.<\/p>\n<\/li>\n<\/ul>\n<h2>Ki vagy te<\/h2>\n<ul>\n<li data-start=\"1229\" data-end=\"1296\">\n<p data-start=\"1231\" data-end=\"1296\">El\u0151nyt jelent, ha legal\u00e1bb 2 \u00e9v tapasztalattal rendelkezel ferde tet\u0151fed\u0151k\u00e9nt.<\/p>\n<\/li>\n<li data-start=\"1297\" data-end=\"1386\">\n<p data-start=\"1299\" data-end=\"1386\">Kevesebb tapasztalat? Nem probl\u00e9ma \u2013 n\u00e1lunk is lehet\u0151s\u00e9get kapsz, ha megvan benned a motiv\u00e1ci\u00f3 \u00e9s az elhivatotts\u00e1g.<\/p>\n<\/li>\n<li data-start=\"1387\" data-end=\"1438\">\n<p data-start=\"1389\" data-end=\"1438\">Nincs t\u00e9riszonyod, \u00e9s sz\u00edvesen dolgozol a szabadban.<\/p>\n<\/li>\n<li data-start=\"1439\" data-end=\"1558\">\n<p data-start=\"1441\" data-end=\"1558\">Legal\u00e1bb az al\u00e1bbi nyelvek egyik\u00e9t besz\u00e9led: holland, angol, n\u00e9met, lengyel, rom\u00e1n, magyar vagy litv\u00e1n.<\/p>\n<\/li>\n<li data-start=\"1559\" data-end=\"1657\">\n<p data-start=\"1561\" data-end=\"1657\">Fizikailag fitt vagy, \u00e9s hajland\u00f3 vagy betartani a biztons\u00e1gi, higi\u00e9niai \u00e9s k\u00f6rnyezetv\u00e9delmi el\u0151\u00edr\u00e1sokat.<\/p>\n<\/li>\n<\/ul>\n<h2>Amit k\u00edn\u00e1lunk<\/h2>\n<ul data-start=\"963\" data-end=\"1279\">\n<li data-start=\"963\" data-end=\"1016\">\n<p data-start=\"965\" data-end=\"1016\">V\u00e1ltozatos \u00e9s kih\u00edv\u00e1st jelent\u0151 munka sz\u00e9p projekteken<\/p>\n<\/li>\n<li data-start=\"1017\" data-end=\"1071\">\n<p data-start=\"1019\" data-end=\"1071\">Egy kapcsolattart\u00f3, aki foly\u00e9konyan besz\u00e9li a te nyelvedet.<\/p>\n<\/li>\n<li data-start=\"1072\" data-end=\"1126\">\n<p data-start=\"1074\" data-end=\"1126\">Heti nett\u00f3 500\u2013800 \u20ac k\u00f6z\u00f6tti fizet\u00e9s.<\/p>\n<\/li>\n<li data-start=\"1127\" data-end=\"1183\">\n<p data-start=\"1129\" data-end=\"1183\">Sz\u00e1ll\u00e1s \u00e9s k\u00f6zleked\u00e9s biztos\u00edt\u00e1sa a lak\u00f3hely \u00e9s a munkahely k\u00f6z\u00f6tt.<\/p>\n<\/li>\n<li data-start=\"1184\" data-end=\"1212\">\n<p data-start=\"1186\" data-end=\"1212\">Megfelel\u0151 munkaruh\u00e1zat.<\/p>\n<\/li>\n<li data-start=\"1213\" data-end=\"1279\">\n<p data-start=\"1215\" data-end=\"1279\">Lehet\u0151s\u00e9g VCA-bizony\u00edtv\u00e1ny megszerz\u00e9s\u00e9re (ha m\u00e9g nem rendelkezel vele)<\/p>\n<\/li>\n<\/ul>\n","protected":false},"author":4,"featured_media":0,"template":"","meta":{"_acf_changed":false,"_coblocks_attr":"","_coblocks_dimensions":"","_coblocks_responsive_height":"","_coblocks_accordion_ie_support":"","inline_featured_image":false,"_promoted":"","_job_location":"Hollandia","_application":"info@webouwen.com","_company_name":"","_company_website":"","_company_tagline":"","_company_twitter":"","_company_video":"","_filled":0,"_featured":0,"_remote_position":0,"_job_salary":"500 - 800","_job_salary_currency":"","_job_salary_unit":""},"job-types":[69],"class_list":{"0":"post-3742","1":"job_listing","2":"type-job_listing","3":"status-publish","4":"hentry","6":"job-type-32-40-ora-hetente"},"acf":[],"yoast_head":"<!-- This site is optimized with the Yoast SEO plugin v27.5 - https:\/\/yoast.com\/product\/yoast-seo-wordpress\/ -->\n<title>Ferde tet\u0151fed\u0151 - WE Bouwen<\/title>\n<meta name=\"description\" content=\"Tapasztalt Ferde tet\u0151fed\u0151 keres \u00faj kih\u00edv\u00e1st Dolgozz v\u00e1ltozatos projekteken \u00e9s gondoskodj biztons\u00e1gos tart\u00f3s \u00e9s prec\u00edz tet\u0151kr\u0151l hozz\u00e1j\u00e1rulva \u00e9p\u00edt\u00e9shez fel\u00faj\u00edt\u00e1shoz \u00e9s fenntarthat\u00f3s\u00e1ghoz\" \/>\n<meta name=\"robots\" content=\"index, follow, max-snippet:-1, max-image-preview:large, max-video-preview:-1\" \/>\n<link rel=\"canonical\" href=\"https:\/\/webouwen.com\/hu\/vacature\/ferde-tetofedo\/\" \/>\n<meta property=\"og:locale\" content=\"hu_HU\" \/>\n<meta property=\"og:type\" content=\"article\" \/>\n<meta property=\"og:title\" content=\"Ferde tet\u0151fed\u0151 - WE Bouwen\" \/>\n<meta property=\"og:description\" content=\"Tapasztalt Ferde tet\u0151fed\u0151 keres \u00faj kih\u00edv\u00e1st Dolgozz v\u00e1ltozatos projekteken \u00e9s gondoskodj biztons\u00e1gos tart\u00f3s \u00e9s prec\u00edz tet\u0151kr\u0151l hozz\u00e1j\u00e1rulva \u00e9p\u00edt\u00e9shez fel\u00faj\u00edt\u00e1shoz \u00e9s fenntarthat\u00f3s\u00e1ghoz\" \/>\n<meta property=\"og:url\" content=\"https:\/\/webouwen.com\/hu\/vacature\/ferde-tetofedo\/\" \/>\n<meta property=\"og:site_name\" content=\"WE Bouwen\" \/>\n<meta property=\"article:publisher\" content=\"https:\/\/www.facebook.com\/webouwensamenmetjou\" \/>\n<meta property=\"article:modified_time\" content=\"2026-03-25T10:05:27+00:00\" \/>\n<meta name=\"twitter:card\" content=\"summary_large_image\" \/>\n<meta name=\"twitter:label1\" content=\"Becs\u00fclt olvas\u00e1si id\u0151\" \/>\n\t<meta name=\"twitter:data1\" content=\"2 perc\" \/>\n<script type=\"application\/ld+json\" class=\"yoast-schema-graph\">{\"@context\":\"https:\\\/\\\/schema.org\",\"@graph\":[{\"@type\":\"WebPage\",\"@id\":\"https:\\\/\\\/webouwen.com\\\/hu\\\/vacature\\\/ferde-tetofedo\\\/\",\"url\":\"https:\\\/\\\/webouwen.com\\\/hu\\\/vacature\\\/ferde-tetofedo\\\/\",\"name\":\"Ferde tet\u0151fed\u0151 - WE Bouwen\",\"isPartOf\":{\"@id\":\"https:\\\/\\\/webouwen.com\\\/#website\"},\"datePublished\":\"2025-09-22T11:28:46+00:00\",\"dateModified\":\"2026-03-25T10:05:27+00:00\",\"description\":\"Tapasztalt Ferde tet\u0151fed\u0151 keres \u00faj kih\u00edv\u00e1st Dolgozz v\u00e1ltozatos projekteken \u00e9s gondoskodj biztons\u00e1gos tart\u00f3s \u00e9s prec\u00edz tet\u0151kr\u0151l hozz\u00e1j\u00e1rulva \u00e9p\u00edt\u00e9shez fel\u00faj\u00edt\u00e1shoz \u00e9s fenntarthat\u00f3s\u00e1ghoz\",\"breadcrumb\":{\"@id\":\"https:\\\/\\\/webouwen.com\\\/hu\\\/vacature\\\/ferde-tetofedo\\\/#breadcrumb\"},\"inLanguage\":\"hu\",\"potentialAction\":[{\"@type\":\"ReadAction\",\"target\":[\"https:\\\/\\\/webouwen.com\\\/hu\\\/vacature\\\/ferde-tetofedo\\\/\"]}]},{\"@type\":\"BreadcrumbList\",\"@id\":\"https:\\\/\\\/webouwen.com\\\/hu\\\/vacature\\\/ferde-tetofedo\\\/#breadcrumb\",\"itemListElement\":[{\"@type\":\"ListItem\",\"position\":1,\"name\":\"Home\",\"item\":\"https:\\\/\\\/webouwen.com\\\/hu\\\/\"},{\"@type\":\"ListItem\",\"position\":2,\"name\":\"Ferde tet\u0151fed\u0151\"}]},{\"@type\":\"WebSite\",\"@id\":\"https:\\\/\\\/webouwen.com\\\/#website\",\"url\":\"https:\\\/\\\/webouwen.com\\\/\",\"name\":\"WE Bouwen\",\"description\":\"Samen met jou\",\"publisher\":{\"@id\":\"https:\\\/\\\/webouwen.com\\\/#organization\"},\"potentialAction\":[{\"@type\":\"SearchAction\",\"target\":{\"@type\":\"EntryPoint\",\"urlTemplate\":\"https:\\\/\\\/webouwen.com\\\/?s={search_term_string}\"},\"query-input\":{\"@type\":\"PropertyValueSpecification\",\"valueRequired\":true,\"valueName\":\"search_term_string\"}}],\"inLanguage\":\"hu\"},{\"@type\":\"Organization\",\"@id\":\"https:\\\/\\\/webouwen.com\\\/#organization\",\"name\":\"WE Bouwen\",\"url\":\"https:\\\/\\\/webouwen.com\\\/\",\"logo\":{\"@type\":\"ImageObject\",\"inLanguage\":\"hu\",\"@id\":\"https:\\\/\\\/webouwen.com\\\/#\\\/schema\\\/logo\\\/image\\\/\",\"url\":\"https:\\\/\\\/webouwen.com\\\/wp-content\\\/uploads\\\/2022\\\/09\\\/logo-we-bouwen.png\",\"contentUrl\":\"https:\\\/\\\/webouwen.com\\\/wp-content\\\/uploads\\\/2022\\\/09\\\/logo-we-bouwen.png\",\"width\":1000,\"height\":376,\"caption\":\"WE Bouwen\"},\"image\":{\"@id\":\"https:\\\/\\\/webouwen.com\\\/#\\\/schema\\\/logo\\\/image\\\/\"},\"sameAs\":[\"https:\\\/\\\/www.facebook.com\\\/webouwensamenmetjou\",\"https:\\\/\\\/www.linkedin.com\\\/company\\\/we-bouwen\\\/\"]}]}<\/script>\n<!-- \/ Yoast SEO plugin. -->","yoast_head_json":{"title":"Ferde tet\u0151fed\u0151 - WE Bouwen","description":"Tapasztalt Ferde tet\u0151fed\u0151 keres \u00faj kih\u00edv\u00e1st Dolgozz v\u00e1ltozatos projekteken \u00e9s gondoskodj biztons\u00e1gos tart\u00f3s \u00e9s prec\u00edz tet\u0151kr\u0151l hozz\u00e1j\u00e1rulva \u00e9p\u00edt\u00e9shez fel\u00faj\u00edt\u00e1shoz \u00e9s fenntarthat\u00f3s\u00e1ghoz","robots":{"index":"index","follow":"follow","max-snippet":"max-snippet:-1","max-image-preview":"max-image-preview:large","max-video-preview":"max-video-preview:-1"},"canonical":"https:\/\/webouwen.com\/hu\/vacature\/ferde-tetofedo\/","og_locale":"hu_HU","og_type":"article","og_title":"Ferde tet\u0151fed\u0151 - WE Bouwen","og_description":"Tapasztalt Ferde tet\u0151fed\u0151 keres \u00faj kih\u00edv\u00e1st Dolgozz v\u00e1ltozatos projekteken \u00e9s gondoskodj biztons\u00e1gos tart\u00f3s \u00e9s prec\u00edz tet\u0151kr\u0151l hozz\u00e1j\u00e1rulva \u00e9p\u00edt\u00e9shez fel\u00faj\u00edt\u00e1shoz \u00e9s fenntarthat\u00f3s\u00e1ghoz","og_url":"https:\/\/webouwen.com\/hu\/vacature\/ferde-tetofedo\/","og_site_name":"WE Bouwen","article_publisher":"https:\/\/www.facebook.com\/webouwensamenmetjou","article_modified_time":"2026-03-25T10:05:27+00:00","twitter_card":"summary_large_image","twitter_misc":{"Becs\u00fclt olvas\u00e1si id\u0151":"2 perc"},"schema":{"@context":"https:\/\/schema.org","@graph":[{"@type":"WebPage","@id":"https:\/\/webouwen.com\/hu\/vacature\/ferde-tetofedo\/","url":"https:\/\/webouwen.com\/hu\/vacature\/ferde-tetofedo\/","name":"Ferde tet\u0151fed\u0151 - WE Bouwen","isPartOf":{"@id":"https:\/\/webouwen.com\/#website"},"datePublished":"2025-09-22T11:28:46+00:00","dateModified":"2026-03-25T10:05:27+00:00","description":"Tapasztalt Ferde tet\u0151fed\u0151 keres \u00faj kih\u00edv\u00e1st Dolgozz v\u00e1ltozatos projekteken \u00e9s gondoskodj biztons\u00e1gos tart\u00f3s \u00e9s prec\u00edz tet\u0151kr\u0151l hozz\u00e1j\u00e1rulva \u00e9p\u00edt\u00e9shez fel\u00faj\u00edt\u00e1shoz \u00e9s fenntarthat\u00f3s\u00e1ghoz","breadcrumb":{"@id":"https:\/\/webouwen.com\/hu\/vacature\/ferde-tetofedo\/#breadcrumb"},"inLanguage":"hu","potentialAction":[{"@type":"ReadAction","target":["https:\/\/webouwen.com\/hu\/vacature\/ferde-tetofedo\/"]}]},{"@type":"BreadcrumbList","@id":"https:\/\/webouwen.com\/hu\/vacature\/ferde-tetofedo\/#breadcrumb","itemListElement":[{"@type":"ListItem","position":1,"name":"Home","item":"https:\/\/webouwen.com\/hu\/"},{"@type":"ListItem","position":2,"name":"Ferde tet\u0151fed\u0151"}]},{"@type":"WebSite","@id":"https:\/\/webouwen.com\/#website","url":"https:\/\/webouwen.com\/","name":"WE Bouwen","description":"Samen met jou","publisher":{"@id":"https:\/\/webouwen.com\/#organization"},"potentialAction":[{"@type":"SearchAction","target":{"@type":"EntryPoint","urlTemplate":"https:\/\/webouwen.com\/?s={search_term_string}"},"query-input":{"@type":"PropertyValueSpecification","valueRequired":true,"valueName":"search_term_string"}}],"inLanguage":"hu"},{"@type":"Organization","@id":"https:\/\/webouwen.com\/#organization","name":"WE Bouwen","url":"https:\/\/webouwen.com\/","logo":{"@type":"ImageObject","inLanguage":"hu","@id":"https:\/\/webouwen.com\/#\/schema\/logo\/image\/","url":"https:\/\/webouwen.com\/wp-content\/uploads\/2022\/09\/logo-we-bouwen.png","contentUrl":"https:\/\/webouwen.com\/wp-content\/uploads\/2022\/09\/logo-we-bouwen.png","width":1000,"height":376,"caption":"WE Bouwen"},"image":{"@id":"https:\/\/webouwen.com\/#\/schema\/logo\/image\/"},"sameAs":["https:\/\/www.facebook.com\/webouwensamenmetjou","https:\/\/www.linkedin.com\/company\/we-bouwen\/"]}]}},"_links":{"self":[{"href":"https:\/\/webouwen.com\/hu\/wp-json\/wp\/v2\/job-listings\/3742","targetHints":{"allow":["GET"]}}],"collection":[{"href":"https:\/\/webouwen.com\/hu\/wp-json\/wp\/v2\/job-listings"}],"about":[{"href":"https:\/\/webouwen.com\/hu\/wp-json\/wp\/v2\/types\/job_listing"}],"author":[{"embeddable":true,"href":"https:\/\/webouwen.com\/hu\/wp-json\/wp\/v2\/users\/4"}],"wp:attachment":[{"href":"https:\/\/webouwen.com\/hu\/wp-json\/wp\/v2\/media?parent=3742"}],"wp:term":[{"taxonomy":"job_listing_type","embeddable":true,"href":"https:\/\/webouwen.com\/hu\/wp-json\/wp\/v2\/job-types?post=3742"}],"curies":[{"name":"wp","href":"https:\/\/api.w.org\/{rel}","templated":true}]}}