{"id":3761,"date":"2022-10-13T15:52:46","date_gmt":"2022-10-13T13:52:46","guid":{"rendered":"https:\/\/webouwen.com\/vacature\/acs\/"},"modified":"2025-10-06T16:58:52","modified_gmt":"2025-10-06T14:58:52","slug":"acs","status":"publish","type":"job_listing","link":"https:\/\/webouwen.com\/hu\/vacature\/acs\/","title":{"rendered":"\u00c1cs"},"content":{"rendered":"<p data-start=\"216\" data-end=\"704\"><strong>Tapasztalt \u00e1cs vagy, \u00e9s \u00faj kih\u00edv\u00e1st keresel az \u00e9p\u00edt\u0151iparban? K\u00fcl\u00f6nb\u00f6z\u0151 megb\u00edz\u00f3ink sz\u00e1m\u00e1ra eg\u00e9sz Hollandi\u00e1ban keres\u00fcnk szakembereket, akik sz\u00edvesen alkalmazz\u00e1k tud\u00e1sukat a legk\u00fcl\u00f6nf\u00e9l\u00e9bb \u00e9p\u00edt\u00e9si projektekben. Legyen sz\u00f3 \u00faj \u00e9p\u00edt\u00e9sr\u0151l, fel\u00faj\u00edt\u00e1sr\u00f3l vagy egyedi munk\u00e1kr\u00f3l \u2013 te tudod, hogyan kell min\u0151s\u00e9get ny\u00fajtani. Tud\u00e1soddal \u00e9s tapasztalatoddal igazi szakmunk\u00e1t v\u00e9gzel, \u00e9s hozz\u00e1j\u00e1rulsz er\u0151s \u00e9s tart\u00f3s szerkezetek l\u00e9trehoz\u00e1s\u00e1hoz. <\/strong><\/p>\n<p data-start=\"706\" data-end=\"1110\">\u00c1csk\u00e9nt nagy figyelmet ford\u00edtasz a r\u00e9szletekre, \u00e9s rendelkezel a megfelel\u0151 k\u00e9szs\u00e9gekkel a fa \u00e9s m\u00e1s \u00e9p\u00edt\u0151anyagok megmunk\u00e1l\u00e1s\u00e1hoz. Sz\u00edvesen dolgozol egy\u00fctt koll\u00e9g\u00e1iddal az \u00e9p\u00edtkez\u00e9sen, \u00e9s felel\u0151ss\u00e9get v\u00e1llalsz a min\u0151s\u00e9gi \u00e9s tart\u00f3s munka elv\u00e9gz\u00e9s\u00e9\u00e9rt. Olyan v\u00e1ltozatos \u00e1cs \u00e1ll\u00e1st keresel, ahol kamatoztathatod szak\u00e9rtelmedet, \u00e9s tov\u00e1bb \u00e9p\u00edtheted a j\u00f6v\u0151det? Akkor ez a poz\u00edci\u00f3 pontosan neked val\u00f3!<\/p>\n<h2 data-start=\"107\" data-end=\"128\">Mit fogsz csin\u00e1lni?<\/h2>\n<p data-start=\"129\" data-end=\"427\">\u00c1csk\u00e9nt k\u00fcl\u00f6nf\u00e9le \u00e9p\u00edt\u00e9si projekteken fogsz dolgozni Hollandi\u00e1ban. Hozz\u00e1j\u00e1rulsz a min\u0151s\u00e9gi \u00e9s tart\u00f3s szerkezetek megval\u00f3s\u00edt\u00e1s\u00e1hoz \u00e9s fenntart\u00e1s\u00e1hoz. Munk\u00e1d sor\u00e1n m\u00e1s szakemberekkel egy\u00fcttm\u0171k\u00f6dve biztos\u00edtod, hogy a projektek biztons\u00e1gosan, hat\u00e9konyan \u00e9s magas sz\u00ednvonalon val\u00f3suljanak meg. Elk\u00f6telezetts\u00e9geddel \u00e9s szak\u00e9rtelmeddel fontos szerepet t\u00f6ltesz be minden projekt siker\u00e9ben, mik\u00f6zben saj\u00e1t j\u00f6v\u0151det is tov\u00e1bb \u00e9p\u00edted az \u00e9p\u00edt\u0151iparban.<\/p>\n<h2 data-start=\"1271\" data-end=\"1288\">Ki vagy te<\/h2>\n<ul data-start=\"1289\" data-end=\"1685\">\n<li data-start=\"1289\" data-end=\"1365\">\n<p data-start=\"1291\" data-end=\"1365\">Tudod, hogyan kell kem\u00e9nyen dolgozni, \u00e9s el\u0151ny, ha legal\u00e1bb 2 \u00e9v tapasztalatod van \u00e1csk\u00e9nt.<\/p>\n<\/li>\n<li data-start=\"1366\" data-end=\"1490\">\n<p data-start=\"1368\" data-end=\"1490\">Kevesebb tapasztalatod van? Nem probl\u00e9ma! Ha motiv\u00e1lt \u00e9s tanulni v\u00e1gy\u00f3 vagy, n\u00e1lunk megkapod a lehet\u0151s\u00e9get, hogy fejl\u0151dj \u00e9s tov\u00e1bbk\u00e9pezd magad.<\/p>\n<\/li>\n<li data-start=\"1491\" data-end=\"1593\">\n<p data-start=\"1493\" data-end=\"1593\">Legal\u00e1bb az al\u00e1bbi nyelvek egyik\u00e9t besz\u00e9led: angol, holland, n\u00e9met, lengyel, rom\u00e1n, orosz vagy magyar.<\/p>\n<\/li>\n<li data-start=\"1594\" data-end=\"1685\">\n<p data-start=\"1596\" data-end=\"1685\">K\u00e9szen \u00e1llsz betartani a munkahelyi biztons\u00e1gi, higi\u00e9niai \u00e9s k\u00f6rnyezetv\u00e9delmi szab\u00e1lyokat.<\/p>\n<\/li>\n<\/ul>\n<h2 data-start=\"1687\" data-end=\"1706\">Mit k\u00edn\u00e1lunk<\/h2>\n<p data-start=\"1707\" data-end=\"1763\">A j\u00f3 munkak\u00f6rnyezet mellett a k\u00f6vetkez\u0151ket k\u00edn\u00e1ljuk sz\u00e1modra:<\/p>\n<ul data-start=\"1764\" data-end=\"2077\">\n<li data-start=\"1764\" data-end=\"1816\">\n<p data-start=\"1766\" data-end=\"1816\">V\u00e1ltozatos \u00e9s kih\u00edv\u00e1st jelent\u0151 munka sz\u00e9p projekteken.<\/p>\n<\/li>\n<li data-start=\"1817\" data-end=\"1870\">\n<p data-start=\"1819\" data-end=\"1870\">Egy kapcsolattart\u00f3, aki foly\u00e9konyan besz\u00e9li a te nyelvedet.<\/p>\n<\/li>\n<li data-start=\"1871\" data-end=\"1924\">\n<p data-start=\"1873\" data-end=\"1924\">Heti nett\u00f3 500 \u00e9s 800 eur\u00f3 k\u00f6z\u00f6tti fizet\u00e9s.<\/p>\n<\/li>\n<li data-start=\"1925\" data-end=\"1980\">\n<p data-start=\"1927\" data-end=\"1980\">Sz\u00e1ll\u00e1s \u00e9s sz\u00e1ll\u00edt\u00e1s a lak\u00f3helyed \u00e9s a munkahelyed k\u00f6z\u00f6tt.<\/p>\n<\/li>\n<li data-start=\"1981\" data-end=\"2008\">\n<p data-start=\"1983\" data-end=\"2008\">Megfelel\u0151 munkaruh\u00e1zat.<\/p>\n<\/li>\n<li data-start=\"2009\" data-end=\"2077\">\n<p data-start=\"2011\" data-end=\"2077\">Lehet\u0151s\u00e9g a VCA bizony\u00edtv\u00e1ny megszerz\u00e9s\u00e9re (ha m\u00e9g nem rendelkezel vele).<\/p>\n<\/li>\n<\/ul>\n","protected":false},"author":3,"featured_media":0,"template":"","meta":{"_acf_changed":false,"_coblocks_attr":"","_coblocks_dimensions":"","_coblocks_responsive_height":"","_coblocks_accordion_ie_support":"","inline_featured_image":false,"_promoted":"","_job_location":"Hollandia","_application":"info@webouwen.com","_company_name":"","_company_website":"","_company_tagline":"","_company_twitter":"","_company_video":"","_filled":0,"_featured":0,"_remote_position":0,"_job_salary":"500 - 800","_job_salary_currency":"","_job_salary_unit":""},"job-types":[69],"class_list":{"0":"post-3761","1":"job_listing","2":"type-job_listing","3":"status-publish","4":"hentry","6":"job-type-32-40-ora-hetente"},"acf":[],"yoast_head":"<!-- This site is optimized with the Yoast SEO plugin v27.5 - https:\/\/yoast.com\/product\/yoast-seo-wordpress\/ -->\n<title>Vacature \u00c1cs - WE Bouwen<\/title>\n<meta name=\"description\" content=\"Tapasztalt \u00e1cs keres \u00faj kih\u00edv\u00e1st az \u00e9p\u00edt\u0151iparban Dolgozz \u00faj \u00e9p\u00edt\u00e9s fel\u00faj\u00edt\u00e1s \u00e9s egyedi munk\u00e1k sor\u00e1n \u00e9s \u00e9p\u00edts er\u0151s tart\u00f3s szerkezeteket\" \/>\n<meta name=\"robots\" content=\"index, follow, max-snippet:-1, max-image-preview:large, max-video-preview:-1\" \/>\n<link rel=\"canonical\" href=\"https:\/\/webouwen.com\/hu\/vacature\/acs\/\" \/>\n<meta property=\"og:locale\" content=\"hu_HU\" \/>\n<meta property=\"og:type\" content=\"article\" \/>\n<meta property=\"og:title\" content=\"Vacature \u00c1cs - WE Bouwen\" \/>\n<meta property=\"og:description\" content=\"Tapasztalt \u00e1cs keres \u00faj kih\u00edv\u00e1st az \u00e9p\u00edt\u0151iparban Dolgozz \u00faj \u00e9p\u00edt\u00e9s fel\u00faj\u00edt\u00e1s \u00e9s egyedi munk\u00e1k sor\u00e1n \u00e9s \u00e9p\u00edts er\u0151s tart\u00f3s szerkezeteket\" \/>\n<meta property=\"og:url\" content=\"https:\/\/webouwen.com\/hu\/vacature\/acs\/\" \/>\n<meta property=\"og:site_name\" content=\"WE Bouwen\" \/>\n<meta property=\"article:publisher\" content=\"https:\/\/www.facebook.com\/webouwensamenmetjou\" \/>\n<meta property=\"article:modified_time\" content=\"2025-10-06T14:58:52+00:00\" \/>\n<meta name=\"twitter:card\" content=\"summary_large_image\" \/>\n<meta name=\"twitter:label1\" content=\"Becs\u00fclt olvas\u00e1si id\u0151\" \/>\n\t<meta name=\"twitter:data1\" content=\"2 perc\" \/>\n<script type=\"application\/ld+json\" class=\"yoast-schema-graph\">{\"@context\":\"https:\\\/\\\/schema.org\",\"@graph\":[{\"@type\":\"WebPage\",\"@id\":\"https:\\\/\\\/webouwen.com\\\/hu\\\/vacature\\\/acs\\\/\",\"url\":\"https:\\\/\\\/webouwen.com\\\/hu\\\/vacature\\\/acs\\\/\",\"name\":\"Vacature \u00c1cs - WE Bouwen\",\"isPartOf\":{\"@id\":\"https:\\\/\\\/webouwen.com\\\/#website\"},\"datePublished\":\"2022-10-13T13:52:46+00:00\",\"dateModified\":\"2025-10-06T14:58:52+00:00\",\"description\":\"Tapasztalt \u00e1cs keres \u00faj kih\u00edv\u00e1st az \u00e9p\u00edt\u0151iparban Dolgozz \u00faj \u00e9p\u00edt\u00e9s fel\u00faj\u00edt\u00e1s \u00e9s egyedi munk\u00e1k sor\u00e1n \u00e9s \u00e9p\u00edts er\u0151s tart\u00f3s szerkezeteket\",\"breadcrumb\":{\"@id\":\"https:\\\/\\\/webouwen.com\\\/hu\\\/vacature\\\/acs\\\/#breadcrumb\"},\"inLanguage\":\"hu\",\"potentialAction\":[{\"@type\":\"ReadAction\",\"target\":[\"https:\\\/\\\/webouwen.com\\\/hu\\\/vacature\\\/acs\\\/\"]}]},{\"@type\":\"BreadcrumbList\",\"@id\":\"https:\\\/\\\/webouwen.com\\\/hu\\\/vacature\\\/acs\\\/#breadcrumb\",\"itemListElement\":[{\"@type\":\"ListItem\",\"position\":1,\"name\":\"Home\",\"item\":\"https:\\\/\\\/webouwen.com\\\/hu\\\/\"},{\"@type\":\"ListItem\",\"position\":2,\"name\":\"\u00c1cs\"}]},{\"@type\":\"WebSite\",\"@id\":\"https:\\\/\\\/webouwen.com\\\/#website\",\"url\":\"https:\\\/\\\/webouwen.com\\\/\",\"name\":\"WE Bouwen\",\"description\":\"Samen met jou\",\"publisher\":{\"@id\":\"https:\\\/\\\/webouwen.com\\\/#organization\"},\"potentialAction\":[{\"@type\":\"SearchAction\",\"target\":{\"@type\":\"EntryPoint\",\"urlTemplate\":\"https:\\\/\\\/webouwen.com\\\/?s={search_term_string}\"},\"query-input\":{\"@type\":\"PropertyValueSpecification\",\"valueRequired\":true,\"valueName\":\"search_term_string\"}}],\"inLanguage\":\"hu\"},{\"@type\":\"Organization\",\"@id\":\"https:\\\/\\\/webouwen.com\\\/#organization\",\"name\":\"WE Bouwen\",\"url\":\"https:\\\/\\\/webouwen.com\\\/\",\"logo\":{\"@type\":\"ImageObject\",\"inLanguage\":\"hu\",\"@id\":\"https:\\\/\\\/webouwen.com\\\/#\\\/schema\\\/logo\\\/image\\\/\",\"url\":\"https:\\\/\\\/webouwen.com\\\/wp-content\\\/uploads\\\/2022\\\/09\\\/logo-we-bouwen.png\",\"contentUrl\":\"https:\\\/\\\/webouwen.com\\\/wp-content\\\/uploads\\\/2022\\\/09\\\/logo-we-bouwen.png\",\"width\":1000,\"height\":376,\"caption\":\"WE Bouwen\"},\"image\":{\"@id\":\"https:\\\/\\\/webouwen.com\\\/#\\\/schema\\\/logo\\\/image\\\/\"},\"sameAs\":[\"https:\\\/\\\/www.facebook.com\\\/webouwensamenmetjou\",\"https:\\\/\\\/www.linkedin.com\\\/company\\\/we-bouwen\\\/\"]}]}<\/script>\n<!-- \/ Yoast SEO plugin. -->","yoast_head_json":{"title":"Vacature \u00c1cs - WE Bouwen","description":"Tapasztalt \u00e1cs keres \u00faj kih\u00edv\u00e1st az \u00e9p\u00edt\u0151iparban Dolgozz \u00faj \u00e9p\u00edt\u00e9s fel\u00faj\u00edt\u00e1s \u00e9s egyedi munk\u00e1k sor\u00e1n \u00e9s \u00e9p\u00edts er\u0151s tart\u00f3s szerkezeteket","robots":{"index":"index","follow":"follow","max-snippet":"max-snippet:-1","max-image-preview":"max-image-preview:large","max-video-preview":"max-video-preview:-1"},"canonical":"https:\/\/webouwen.com\/hu\/vacature\/acs\/","og_locale":"hu_HU","og_type":"article","og_title":"Vacature \u00c1cs - WE Bouwen","og_description":"Tapasztalt \u00e1cs keres \u00faj kih\u00edv\u00e1st az \u00e9p\u00edt\u0151iparban Dolgozz \u00faj \u00e9p\u00edt\u00e9s fel\u00faj\u00edt\u00e1s \u00e9s egyedi munk\u00e1k sor\u00e1n \u00e9s \u00e9p\u00edts er\u0151s tart\u00f3s szerkezeteket","og_url":"https:\/\/webouwen.com\/hu\/vacature\/acs\/","og_site_name":"WE Bouwen","article_publisher":"https:\/\/www.facebook.com\/webouwensamenmetjou","article_modified_time":"2025-10-06T14:58:52+00:00","twitter_card":"summary_large_image","twitter_misc":{"Becs\u00fclt olvas\u00e1si id\u0151":"2 perc"},"schema":{"@context":"https:\/\/schema.org","@graph":[{"@type":"WebPage","@id":"https:\/\/webouwen.com\/hu\/vacature\/acs\/","url":"https:\/\/webouwen.com\/hu\/vacature\/acs\/","name":"Vacature \u00c1cs - WE Bouwen","isPartOf":{"@id":"https:\/\/webouwen.com\/#website"},"datePublished":"2022-10-13T13:52:46+00:00","dateModified":"2025-10-06T14:58:52+00:00","description":"Tapasztalt \u00e1cs keres \u00faj kih\u00edv\u00e1st az \u00e9p\u00edt\u0151iparban Dolgozz \u00faj \u00e9p\u00edt\u00e9s fel\u00faj\u00edt\u00e1s \u00e9s egyedi munk\u00e1k sor\u00e1n \u00e9s \u00e9p\u00edts er\u0151s tart\u00f3s szerkezeteket","breadcrumb":{"@id":"https:\/\/webouwen.com\/hu\/vacature\/acs\/#breadcrumb"},"inLanguage":"hu","potentialAction":[{"@type":"ReadAction","target":["https:\/\/webouwen.com\/hu\/vacature\/acs\/"]}]},{"@type":"BreadcrumbList","@id":"https:\/\/webouwen.com\/hu\/vacature\/acs\/#breadcrumb","itemListElement":[{"@type":"ListItem","position":1,"name":"Home","item":"https:\/\/webouwen.com\/hu\/"},{"@type":"ListItem","position":2,"name":"\u00c1cs"}]},{"@type":"WebSite","@id":"https:\/\/webouwen.com\/#website","url":"https:\/\/webouwen.com\/","name":"WE Bouwen","description":"Samen met jou","publisher":{"@id":"https:\/\/webouwen.com\/#organization"},"potentialAction":[{"@type":"SearchAction","target":{"@type":"EntryPoint","urlTemplate":"https:\/\/webouwen.com\/?s={search_term_string}"},"query-input":{"@type":"PropertyValueSpecification","valueRequired":true,"valueName":"search_term_string"}}],"inLanguage":"hu"},{"@type":"Organization","@id":"https:\/\/webouwen.com\/#organization","name":"WE Bouwen","url":"https:\/\/webouwen.com\/","logo":{"@type":"ImageObject","inLanguage":"hu","@id":"https:\/\/webouwen.com\/#\/schema\/logo\/image\/","url":"https:\/\/webouwen.com\/wp-content\/uploads\/2022\/09\/logo-we-bouwen.png","contentUrl":"https:\/\/webouwen.com\/wp-content\/uploads\/2022\/09\/logo-we-bouwen.png","width":1000,"height":376,"caption":"WE Bouwen"},"image":{"@id":"https:\/\/webouwen.com\/#\/schema\/logo\/image\/"},"sameAs":["https:\/\/www.facebook.com\/webouwensamenmetjou","https:\/\/www.linkedin.com\/company\/we-bouwen\/"]}]}},"_links":{"self":[{"href":"https:\/\/webouwen.com\/hu\/wp-json\/wp\/v2\/job-listings\/3761","targetHints":{"allow":["GET"]}}],"collection":[{"href":"https:\/\/webouwen.com\/hu\/wp-json\/wp\/v2\/job-listings"}],"about":[{"href":"https:\/\/webouwen.com\/hu\/wp-json\/wp\/v2\/types\/job_listing"}],"author":[{"embeddable":true,"href":"https:\/\/webouwen.com\/hu\/wp-json\/wp\/v2\/users\/3"}],"wp:attachment":[{"href":"https:\/\/webouwen.com\/hu\/wp-json\/wp\/v2\/media?parent=3761"}],"wp:term":[{"taxonomy":"job_listing_type","embeddable":true,"href":"https:\/\/webouwen.com\/hu\/wp-json\/wp\/v2\/job-types?post=3761"}],"curies":[{"name":"wp","href":"https:\/\/api.w.org\/{rel}","templated":true}]}}