{"id":3767,"date":"2022-09-15T17:02:32","date_gmt":"2022-09-15T15:02:32","guid":{"rendered":"https:\/\/webouwen.com\/vacature\/vakolo\/"},"modified":"2026-03-25T11:06:34","modified_gmt":"2026-03-25T10:06:34","slug":"vakolo","status":"publish","type":"job_listing","link":"https:\/\/webouwen.com\/hu\/vacature\/vakolo\/","title":{"rendered":"Vakol\u00f3"},"content":{"rendered":"<p><strong>Tapasztalt vagy motiv\u00e1lt vakol\u00f3 \u00e1ll\u00e1s Hollandi\u00e1ban Fel\u00faj\u00edt\u00e1s karbantart\u00e1s \u00faj \u00e9p\u00edt\u00e9s min\u0151s\u00e9gi munka sima falak \u00e9s mennyezetek Tapasztalt vagy motiv\u00e1lt vakol\u00f3 vagy \u00e9s \u00faj kih\u00edv\u00e1st keresel K\u00fcl\u00f6nb\u00f6z\u0151 megb\u00edz\u00f3ink sz\u00e1m\u00e1ra eg\u00e9sz Hollandi\u00e1ban keres\u00fcnk szakembereket akik sz\u00edvesen alkalmazz\u00e1k tud\u00e1sukat \u00e9s k\u00e9szs\u00e9geiket v\u00e1ltozatos \u00e9p\u00edt\u0151ipari projektekben Legyen sz\u00f3 fel\u00faj\u00edt\u00e1sr\u00f3l karbantart\u00e1sr\u00f3l vagy \u00faj \u00e9p\u00edt\u00e9sr\u0151l te tudod hogyan kell min\u0151s\u00e9get ny\u00fajtani \u00e9s gondoskodsz arr\u00f3l hogy a falak \u00e9s mennyezetek mindig sima \u00e9s \u00e1polt megjelen\u00e9st kapjanak<\/strong><\/p>\n<p>Vakol\u00f3k\u00e9nt fontos szerepet t\u00f6ltesz be a lak\u00f3h\u00e1zak \u00e9s \u00e9p\u00fcletek befejez\u0151 munk\u00e1lataiban. Te gondoskodsz arr\u00f3l, hogy minden projekt olyan megjelen\u00e9st \u00e9s min\u0151s\u00e9get kapjon, amilyet a megb\u00edz\u00f3 elv\u00e1r. Szak\u00e9rtelmeddel, r\u00e9szletekre val\u00f3 odafigyel\u00e9seddel \u00e9s elk\u00f6telezetts\u00e9geddel hozz\u00e1j\u00e1rulsz a tart\u00f3s \u00e9s professzion\u00e1lis eredm\u00e9nyhez. N\u00e1lunk lehet\u0151s\u00e9get kapsz arra, hogy tapasztalatodat kamatoztasd vagy tov\u00e1bb fejleszd, mik\u00f6zben egy olyan csapatban dolgozol, ahol a szakmunka \u00e9s az egy\u00fcttm\u0171k\u00f6d\u00e9s kiemelt \u00e9rt\u00e9ket k\u00e9pvisel. <strong><br \/>\n<\/strong><\/p>\n<h2>Mit fogsz csin\u00e1lni?<\/h2>\n<p data-start=\"190\" data-end=\"568\">Vakol\u00f3k\u00e9nt v\u00e1ltozatos \u00e9p\u00edt\u00e9si projekteken dolgozol Hollandi\u00e1ban. Te vagy a felel\u0151s a falak \u00e9s mennyezetek sima \u00e9s professzion\u00e1lis befejez\u00e9s\u00e9\u00e9rt, hogy minden projekt megkapja a megfelel\u0151 min\u0151s\u00e9get \u00e9s megjelen\u00e9st. Szak\u00e9rtelmeddel tart\u00f3s vakolatot biztos\u00edtasz, \u00e9s fontos szerepet j\u00e1tszol az \u00e9p\u00edt\u00e9si folyamat siker\u00e9ben. Gondoskodsz a j\u00f3 egy\u00fcttm\u0171k\u00f6d\u00e9sr\u0151l a munkahelyen, valamint hozz\u00e1j\u00e1rulsz a biztons\u00e1gos \u00e9s rendezett munkak\u00f6rnyezethez. Legyen sz\u00f3 fel\u00faj\u00edt\u00e1sr\u00f3l, karbantart\u00e1sr\u00f3l vagy \u00faj \u00e9p\u00edt\u00e9sr\u0151l, mindig arra t\u00f6rekszel, hogy minden feladatot prec\u00edzen \u00e9s magas min\u0151s\u00e9gben fejezz be.<\/p>\n<h2>Ki vagy te<\/h2>\n<p>Tudod, hogyan kell kem\u00e9nyen dolgozni, \u00e9s el\u0151ny, ha legal\u00e1bb 2 \u00e9v tapasztalatod van vakol\u00f3k\u00e9nt. Kevesebb mint 2 \u00e9v tapasztalatod van? Ha motiv\u00e1lt vagy a tanul\u00e1sra \u00e9s kezdem\u00e9nyez\u0151 vagy, sz\u00edvesen adunk lehet\u0151s\u00e9get a fejl\u0151d\u00e9sre. Ezen fel\u00fcl legal\u00e1bb az al\u00e1bbi nyelvek egyik\u00e9t besz\u00e9led: angol, n\u00e9met, lengyel, rom\u00e1n, magyar vagy litv\u00e1n. V\u00e9g\u00fcl k\u00e9szen \u00e1llsz betartani a munkahelyi biztons\u00e1gi, higi\u00e9niai \u00e9s k\u00f6rnyezetv\u00e9delmi el\u0151\u00edr\u00e1sokat.<\/p>\n<h2>Mit k\u00edn\u00e1lunk<\/h2>\n<p>A j\u00f3 munkak\u00f6rnyezet mellett a k\u00f6vetkez\u0151ket k\u00edn\u00e1ljuk sz\u00e1modra:<\/p>\n<ul>\n<li>V\u00e1ltozatos munka vakol\u00f3k\u00e9nt.<\/li>\n<li>Egy kapcsolattart\u00f3, aki foly\u00e9konyan besz\u00e9li a te nyelvedet.<\/li>\n<li>Heti nett\u00f3 500\u2013800 eur\u00f3 k\u00f6z\u00f6tti fizet\u00e9s.<\/li>\n<li>Sz\u00e1ll\u00e1s \u00e9s k\u00f6zleked\u00e9s a lak\u00f3helyed \u00e9s a munkahelyed k\u00f6z\u00f6tt.<\/li>\n<li>Megfelel\u0151 munkaruh\u00e1zat.<\/li>\n<li>VCA bizony\u00edtv\u00e1ny megszerz\u00e9s\u00e9nek lehet\u0151s\u00e9ge (ha m\u00e9g nem rendelkezel vele).<\/li>\n<\/ul>\n","protected":false},"author":7,"featured_media":0,"template":"","meta":{"_acf_changed":false,"_coblocks_attr":"","_coblocks_dimensions":"","_coblocks_responsive_height":"","_coblocks_accordion_ie_support":"","inline_featured_image":false,"_promoted":"","_job_location":"Hollandia","_application":"info@webouwen.com","_company_name":"","_company_website":"","_company_tagline":"","_company_twitter":"","_company_video":"","_filled":0,"_featured":0,"_remote_position":0,"_job_salary":"500 - 800","_job_salary_currency":"","_job_salary_unit":""},"job-types":[69],"class_list":{"0":"post-3767","1":"job_listing","2":"type-job_listing","3":"status-publish","4":"hentry","6":"job-type-32-40-ora-hetente"},"acf":[],"yoast_head":"<!-- This site is optimized with the Yoast SEO plugin v27.5 - https:\/\/yoast.com\/product\/yoast-seo-wordpress\/ -->\n<title>Vacature Vakol\u00f3 - WE Bouwen<\/title>\n<meta name=\"description\" content=\"Tapasztalt vagy motiv\u00e1lt vakol\u00f3 \u00e1ll\u00e1s Hollandi\u00e1ban. Fel\u00faj\u00edt\u00e1s, karbantart\u00e1s, \u00faj \u00e9p\u00edt\u00e9s \u2013 min\u0151s\u00e9gi munka sima falak \u00e9s mennyezetek.\" \/>\n<meta name=\"robots\" content=\"index, follow, max-snippet:-1, max-image-preview:large, max-video-preview:-1\" \/>\n<link rel=\"canonical\" href=\"https:\/\/webouwen.com\/hu\/vacature\/vakolo\/\" \/>\n<meta property=\"og:locale\" content=\"hu_HU\" \/>\n<meta property=\"og:type\" content=\"article\" \/>\n<meta property=\"og:title\" content=\"Vacature Vakol\u00f3 - WE Bouwen\" \/>\n<meta property=\"og:description\" content=\"Tapasztalt vagy motiv\u00e1lt vakol\u00f3 \u00e1ll\u00e1s Hollandi\u00e1ban. Fel\u00faj\u00edt\u00e1s, karbantart\u00e1s, \u00faj \u00e9p\u00edt\u00e9s \u2013 min\u0151s\u00e9gi munka sima falak \u00e9s mennyezetek.\" \/>\n<meta property=\"og:url\" content=\"https:\/\/webouwen.com\/hu\/vacature\/vakolo\/\" \/>\n<meta property=\"og:site_name\" content=\"WE Bouwen\" \/>\n<meta property=\"article:publisher\" content=\"https:\/\/www.facebook.com\/webouwensamenmetjou\" \/>\n<meta property=\"article:modified_time\" content=\"2026-03-25T10:06:34+00:00\" \/>\n<meta name=\"twitter:card\" content=\"summary_large_image\" \/>\n<meta name=\"twitter:label1\" content=\"Becs\u00fclt olvas\u00e1si id\u0151\" \/>\n\t<meta name=\"twitter:data1\" content=\"2 perc\" \/>\n<script type=\"application\/ld+json\" class=\"yoast-schema-graph\">{\"@context\":\"https:\\\/\\\/schema.org\",\"@graph\":[{\"@type\":\"WebPage\",\"@id\":\"https:\\\/\\\/webouwen.com\\\/hu\\\/vacature\\\/vakolo\\\/\",\"url\":\"https:\\\/\\\/webouwen.com\\\/hu\\\/vacature\\\/vakolo\\\/\",\"name\":\"Vacature Vakol\u00f3 - WE Bouwen\",\"isPartOf\":{\"@id\":\"https:\\\/\\\/webouwen.com\\\/#website\"},\"datePublished\":\"2022-09-15T15:02:32+00:00\",\"dateModified\":\"2026-03-25T10:06:34+00:00\",\"description\":\"Tapasztalt vagy motiv\u00e1lt vakol\u00f3 \u00e1ll\u00e1s Hollandi\u00e1ban. Fel\u00faj\u00edt\u00e1s, karbantart\u00e1s, \u00faj \u00e9p\u00edt\u00e9s \u2013 min\u0151s\u00e9gi munka sima falak \u00e9s mennyezetek.\",\"breadcrumb\":{\"@id\":\"https:\\\/\\\/webouwen.com\\\/hu\\\/vacature\\\/vakolo\\\/#breadcrumb\"},\"inLanguage\":\"hu\",\"potentialAction\":[{\"@type\":\"ReadAction\",\"target\":[\"https:\\\/\\\/webouwen.com\\\/hu\\\/vacature\\\/vakolo\\\/\"]}]},{\"@type\":\"BreadcrumbList\",\"@id\":\"https:\\\/\\\/webouwen.com\\\/hu\\\/vacature\\\/vakolo\\\/#breadcrumb\",\"itemListElement\":[{\"@type\":\"ListItem\",\"position\":1,\"name\":\"Home\",\"item\":\"https:\\\/\\\/webouwen.com\\\/hu\\\/\"},{\"@type\":\"ListItem\",\"position\":2,\"name\":\"Vakol\u00f3\"}]},{\"@type\":\"WebSite\",\"@id\":\"https:\\\/\\\/webouwen.com\\\/#website\",\"url\":\"https:\\\/\\\/webouwen.com\\\/\",\"name\":\"WE Bouwen\",\"description\":\"Samen met jou\",\"publisher\":{\"@id\":\"https:\\\/\\\/webouwen.com\\\/#organization\"},\"potentialAction\":[{\"@type\":\"SearchAction\",\"target\":{\"@type\":\"EntryPoint\",\"urlTemplate\":\"https:\\\/\\\/webouwen.com\\\/?s={search_term_string}\"},\"query-input\":{\"@type\":\"PropertyValueSpecification\",\"valueRequired\":true,\"valueName\":\"search_term_string\"}}],\"inLanguage\":\"hu\"},{\"@type\":\"Organization\",\"@id\":\"https:\\\/\\\/webouwen.com\\\/#organization\",\"name\":\"WE Bouwen\",\"url\":\"https:\\\/\\\/webouwen.com\\\/\",\"logo\":{\"@type\":\"ImageObject\",\"inLanguage\":\"hu\",\"@id\":\"https:\\\/\\\/webouwen.com\\\/#\\\/schema\\\/logo\\\/image\\\/\",\"url\":\"https:\\\/\\\/webouwen.com\\\/wp-content\\\/uploads\\\/2022\\\/09\\\/logo-we-bouwen.png\",\"contentUrl\":\"https:\\\/\\\/webouwen.com\\\/wp-content\\\/uploads\\\/2022\\\/09\\\/logo-we-bouwen.png\",\"width\":1000,\"height\":376,\"caption\":\"WE Bouwen\"},\"image\":{\"@id\":\"https:\\\/\\\/webouwen.com\\\/#\\\/schema\\\/logo\\\/image\\\/\"},\"sameAs\":[\"https:\\\/\\\/www.facebook.com\\\/webouwensamenmetjou\",\"https:\\\/\\\/www.linkedin.com\\\/company\\\/we-bouwen\\\/\"]}]}<\/script>\n<!-- \/ Yoast SEO plugin. -->","yoast_head_json":{"title":"Vacature Vakol\u00f3 - WE Bouwen","description":"Tapasztalt vagy motiv\u00e1lt vakol\u00f3 \u00e1ll\u00e1s Hollandi\u00e1ban. Fel\u00faj\u00edt\u00e1s, karbantart\u00e1s, \u00faj \u00e9p\u00edt\u00e9s \u2013 min\u0151s\u00e9gi munka sima falak \u00e9s mennyezetek.","robots":{"index":"index","follow":"follow","max-snippet":"max-snippet:-1","max-image-preview":"max-image-preview:large","max-video-preview":"max-video-preview:-1"},"canonical":"https:\/\/webouwen.com\/hu\/vacature\/vakolo\/","og_locale":"hu_HU","og_type":"article","og_title":"Vacature Vakol\u00f3 - WE Bouwen","og_description":"Tapasztalt vagy motiv\u00e1lt vakol\u00f3 \u00e1ll\u00e1s Hollandi\u00e1ban. Fel\u00faj\u00edt\u00e1s, karbantart\u00e1s, \u00faj \u00e9p\u00edt\u00e9s \u2013 min\u0151s\u00e9gi munka sima falak \u00e9s mennyezetek.","og_url":"https:\/\/webouwen.com\/hu\/vacature\/vakolo\/","og_site_name":"WE Bouwen","article_publisher":"https:\/\/www.facebook.com\/webouwensamenmetjou","article_modified_time":"2026-03-25T10:06:34+00:00","twitter_card":"summary_large_image","twitter_misc":{"Becs\u00fclt olvas\u00e1si id\u0151":"2 perc"},"schema":{"@context":"https:\/\/schema.org","@graph":[{"@type":"WebPage","@id":"https:\/\/webouwen.com\/hu\/vacature\/vakolo\/","url":"https:\/\/webouwen.com\/hu\/vacature\/vakolo\/","name":"Vacature Vakol\u00f3 - WE Bouwen","isPartOf":{"@id":"https:\/\/webouwen.com\/#website"},"datePublished":"2022-09-15T15:02:32+00:00","dateModified":"2026-03-25T10:06:34+00:00","description":"Tapasztalt vagy motiv\u00e1lt vakol\u00f3 \u00e1ll\u00e1s Hollandi\u00e1ban. Fel\u00faj\u00edt\u00e1s, karbantart\u00e1s, \u00faj \u00e9p\u00edt\u00e9s \u2013 min\u0151s\u00e9gi munka sima falak \u00e9s mennyezetek.","breadcrumb":{"@id":"https:\/\/webouwen.com\/hu\/vacature\/vakolo\/#breadcrumb"},"inLanguage":"hu","potentialAction":[{"@type":"ReadAction","target":["https:\/\/webouwen.com\/hu\/vacature\/vakolo\/"]}]},{"@type":"BreadcrumbList","@id":"https:\/\/webouwen.com\/hu\/vacature\/vakolo\/#breadcrumb","itemListElement":[{"@type":"ListItem","position":1,"name":"Home","item":"https:\/\/webouwen.com\/hu\/"},{"@type":"ListItem","position":2,"name":"Vakol\u00f3"}]},{"@type":"WebSite","@id":"https:\/\/webouwen.com\/#website","url":"https:\/\/webouwen.com\/","name":"WE Bouwen","description":"Samen met jou","publisher":{"@id":"https:\/\/webouwen.com\/#organization"},"potentialAction":[{"@type":"SearchAction","target":{"@type":"EntryPoint","urlTemplate":"https:\/\/webouwen.com\/?s={search_term_string}"},"query-input":{"@type":"PropertyValueSpecification","valueRequired":true,"valueName":"search_term_string"}}],"inLanguage":"hu"},{"@type":"Organization","@id":"https:\/\/webouwen.com\/#organization","name":"WE Bouwen","url":"https:\/\/webouwen.com\/","logo":{"@type":"ImageObject","inLanguage":"hu","@id":"https:\/\/webouwen.com\/#\/schema\/logo\/image\/","url":"https:\/\/webouwen.com\/wp-content\/uploads\/2022\/09\/logo-we-bouwen.png","contentUrl":"https:\/\/webouwen.com\/wp-content\/uploads\/2022\/09\/logo-we-bouwen.png","width":1000,"height":376,"caption":"WE Bouwen"},"image":{"@id":"https:\/\/webouwen.com\/#\/schema\/logo\/image\/"},"sameAs":["https:\/\/www.facebook.com\/webouwensamenmetjou","https:\/\/www.linkedin.com\/company\/we-bouwen\/"]}]}},"_links":{"self":[{"href":"https:\/\/webouwen.com\/hu\/wp-json\/wp\/v2\/job-listings\/3767","targetHints":{"allow":["GET"]}}],"collection":[{"href":"https:\/\/webouwen.com\/hu\/wp-json\/wp\/v2\/job-listings"}],"about":[{"href":"https:\/\/webouwen.com\/hu\/wp-json\/wp\/v2\/types\/job_listing"}],"author":[{"embeddable":true,"href":"https:\/\/webouwen.com\/hu\/wp-json\/wp\/v2\/users\/7"}],"wp:attachment":[{"href":"https:\/\/webouwen.com\/hu\/wp-json\/wp\/v2\/media?parent=3767"}],"wp:term":[{"taxonomy":"job_listing_type","embeddable":true,"href":"https:\/\/webouwen.com\/hu\/wp-json\/wp\/v2\/job-types?post=3767"}],"curies":[{"name":"wp","href":"https:\/\/api.w.org\/{rel}","templated":true}]}}