{"id":3770,"date":"2022-09-16T13:15:00","date_gmt":"2022-09-16T11:15:00","guid":{"rendered":"https:\/\/webouwen.com\/vacature\/komuves\/"},"modified":"2026-03-25T11:06:03","modified_gmt":"2026-03-25T10:06:03","slug":"komuves","status":"publish","type":"job_listing","link":"https:\/\/webouwen.com\/hu\/vacature\/komuves\/","title":{"rendered":"K\u0151m\u0171ves"},"content":{"rendered":"<p><strong>Tapasztalt k\u0151m\u0171ves \u00e1ll\u00e1s Hollandi\u00e1ban Bels\u0151 \u00e9s k\u00fcls\u0151 falaz\u00e1s j\u00e1r\u00f3lap fal \u00e9s cser\u00e9ptet\u0151 jav\u00edt\u00e1s kem\u00e9ny munka biztos lehet\u0151s\u00e9g Tapasztalt k\u0151m\u0171ves vagy \u00e9s szeretn\u00e9l hozz\u00e1j\u00e1rulni a hollandiai \u00e9p\u00edtkez\u00e9sekhez K\u00fcl\u00f6nb\u00f6z\u0151 megb\u00edz\u00f3ink sz\u00e1m\u00e1ra keres\u00fcnk k\u0151m\u0171veseket akik tudj\u00e1k hogyan kell kem\u00e9nyen dolgozni \u00e9s min\u0151s\u00e9gi munk\u00e1t v\u00e9gezni Tudod hogyan kell bels\u0151 \u00e9s k\u00fcls\u0151 falakat falazni \u00e9s tapasztalatod van j\u00e1r\u00f3lap fal \u00e9s cser\u00e9ptet\u0151 jav\u00edt\u00e1s ter\u00e9n Akkor t\u00e9ged keres\u00fcnk \u00e9s biztos lehet\u0151s\u00e9get k\u00edn\u00e1lunk<\/strong><\/p>\n<h2>Mit fogsz csin\u00e1lni?<\/h2>\n<p>K\u0151m\u0171vesk\u00e9nt a koll\u00e9g\u00e1iddal egy\u00fctt \u00e1tn\u00e9zed a munkarajzot, amely a feladataid alapj\u00e1t k\u00e9pezi. A rajz alapj\u00e1n meghat\u00e1rozod, hov\u00e1 ker\u00fclnek a falak, \u00e9s milyen anyagokra van sz\u00fcks\u00e9g a falaz\u00e1shoz. Tudod, hogyan kell egy munkarajzot \u00e9rtelmezni, \u00e9s \u00f6n\u00e1ll\u00f3an el tudod v\u00e9gezni a k\u00fcl\u00f6nb\u00f6z\u0151 falaz\u00e1si, fug\u00e1z\u00e1si \u00e9s vakol\u00e1si munk\u00e1kat is, mik\u00f6zben t\u00f6bbf\u00e9le t\u00e9gl\u00e1val dolgozol. Meg\u00faj\u00edtod a j\u00e1r\u00f3lapokat, gondoskodsz arr\u00f3l, hogy a munkater\u00fcleted rendezett legyen, \u00e9s felel\u0151ss\u00e9get v\u00e1llalsz az anyagok\u00e9rt, amelyekkel dolgozol.<\/p>\n<h2>Ki vagy te<\/h2>\n<p>Tudod, hogyan kell kem\u00e9nyen dolgozni, \u00e9s el\u0151ny, ha legal\u00e1bb 2 \u00e9v tapasztalatod van k\u0151m\u0171vesk\u00e9nt. Kevesebb mint 2 \u00e9v tapasztalatod van? Ha motiv\u00e1lt vagy a tanul\u00e1sra \u00e9s kezdem\u00e9nyez\u0151 vagy, sz\u00edvesen adunk lehet\u0151s\u00e9get. Emellett legal\u00e1bb az al\u00e1bbi nyelvek egyik\u00e9t besz\u00e9led: angol, n\u00e9met, lengyel, rom\u00e1n, orosz vagy litv\u00e1n. V\u00e9g\u00fcl k\u00e9szen \u00e1llsz betartani a munkahelyi biztons\u00e1gi, higi\u00e9niai \u00e9s k\u00f6rnyezetv\u00e9delmi el\u0151\u00edr\u00e1sokat.<\/p>\n<h2>Mit k\u00edn\u00e1lunk<\/h2>\n<p>A j\u00f3 munkak\u00f6rnyezet mellett a k\u00f6vetkez\u0151ket k\u00edn\u00e1ljuk sz\u00e1modra:<\/p>\n<ul>\n<li>V\u00e1ltozatos \u00e9s kih\u00edv\u00e1st jelent\u0151 munka k\u0151m\u0171vesk\u00e9nt.<\/li>\n<li>Egy kapcsolattart\u00f3, aki foly\u00e9konyan besz\u00e9li a te nyelvedet.<\/li>\n<li>Heti nett\u00f3 500 \u00e9s 800 eur\u00f3 k\u00f6z\u00f6tti fizet\u00e9s.<\/li>\n<li>Sz\u00e1ll\u00e1s \u00e9s k\u00f6zleked\u00e9s a lak\u00f3helyed \u00e9s a munkahelyed k\u00f6z\u00f6tt.<\/li>\n<li>Megfelel\u0151 munkaruh\u00e1zat.<\/li>\n<li>VCA bizony\u00edtv\u00e1ny megszerz\u00e9s\u00e9nek lehet\u0151s\u00e9ge (ha m\u00e9g nem rendelkezel vele).<\/li>\n<\/ul>\n","protected":false},"author":7,"featured_media":0,"template":"","meta":{"_acf_changed":false,"_coblocks_attr":"","_coblocks_dimensions":"","_coblocks_responsive_height":"","_coblocks_accordion_ie_support":"","inline_featured_image":false,"_promoted":"","_job_location":"Hollandia","_application":"info@webouwen.com","_company_name":"","_company_website":"","_company_tagline":"","_company_twitter":"","_company_video":"","_filled":0,"_featured":0,"_remote_position":0,"_job_salary":"500 - 800","_job_salary_currency":"","_job_salary_unit":""},"job-types":[69],"class_list":{"0":"post-3770","1":"job_listing","2":"type-job_listing","3":"status-publish","4":"hentry","6":"job-type-32-40-ora-hetente"},"acf":[],"yoast_head":"<!-- This site is optimized with the Yoast SEO plugin v27.5 - https:\/\/yoast.com\/product\/yoast-seo-wordpress\/ -->\n<title>K\u0151m\u0171ves - WE Bouwen<\/title>\n<meta name=\"description\" content=\"Tapasztalt k\u0151m\u0171ves \u00e1ll\u00e1s Hollandi\u00e1ban. Bels\u0151 \u00e9s k\u00fcls\u0151 falaz\u00e1s, j\u00e1r\u00f3lap, fal \u00e9s cser\u00e9ptet\u0151 jav\u00edt\u00e1s \u2013 kem\u00e9ny munka, biztos lehet\u0151s\u00e9g.\" \/>\n<meta name=\"robots\" content=\"index, follow, max-snippet:-1, max-image-preview:large, max-video-preview:-1\" \/>\n<link rel=\"canonical\" href=\"https:\/\/webouwen.com\/hu\/vacature\/komuves\/\" \/>\n<meta property=\"og:locale\" content=\"hu_HU\" \/>\n<meta property=\"og:type\" content=\"article\" \/>\n<meta property=\"og:title\" content=\"K\u0151m\u0171ves - WE Bouwen\" \/>\n<meta property=\"og:description\" content=\"Tapasztalt k\u0151m\u0171ves \u00e1ll\u00e1s Hollandi\u00e1ban. Bels\u0151 \u00e9s k\u00fcls\u0151 falaz\u00e1s, j\u00e1r\u00f3lap, fal \u00e9s cser\u00e9ptet\u0151 jav\u00edt\u00e1s \u2013 kem\u00e9ny munka, biztos lehet\u0151s\u00e9g.\" \/>\n<meta property=\"og:url\" content=\"https:\/\/webouwen.com\/hu\/vacature\/komuves\/\" \/>\n<meta property=\"og:site_name\" content=\"WE Bouwen\" \/>\n<meta property=\"article:publisher\" content=\"https:\/\/www.facebook.com\/webouwensamenmetjou\" \/>\n<meta property=\"article:modified_time\" content=\"2026-03-25T10:06:03+00:00\" \/>\n<meta name=\"twitter:card\" content=\"summary_large_image\" \/>\n<meta name=\"twitter:label1\" content=\"Becs\u00fclt olvas\u00e1si id\u0151\" \/>\n\t<meta name=\"twitter:data1\" content=\"2 perc\" \/>\n<script type=\"application\/ld+json\" class=\"yoast-schema-graph\">{\"@context\":\"https:\\\/\\\/schema.org\",\"@graph\":[{\"@type\":\"WebPage\",\"@id\":\"https:\\\/\\\/webouwen.com\\\/hu\\\/vacature\\\/komuves\\\/\",\"url\":\"https:\\\/\\\/webouwen.com\\\/hu\\\/vacature\\\/komuves\\\/\",\"name\":\"K\u0151m\u0171ves - WE Bouwen\",\"isPartOf\":{\"@id\":\"https:\\\/\\\/webouwen.com\\\/#website\"},\"datePublished\":\"2022-09-16T11:15:00+00:00\",\"dateModified\":\"2026-03-25T10:06:03+00:00\",\"description\":\"Tapasztalt k\u0151m\u0171ves \u00e1ll\u00e1s Hollandi\u00e1ban. Bels\u0151 \u00e9s k\u00fcls\u0151 falaz\u00e1s, j\u00e1r\u00f3lap, fal \u00e9s cser\u00e9ptet\u0151 jav\u00edt\u00e1s \u2013 kem\u00e9ny munka, biztos lehet\u0151s\u00e9g.\",\"breadcrumb\":{\"@id\":\"https:\\\/\\\/webouwen.com\\\/hu\\\/vacature\\\/komuves\\\/#breadcrumb\"},\"inLanguage\":\"hu\",\"potentialAction\":[{\"@type\":\"ReadAction\",\"target\":[\"https:\\\/\\\/webouwen.com\\\/hu\\\/vacature\\\/komuves\\\/\"]}]},{\"@type\":\"BreadcrumbList\",\"@id\":\"https:\\\/\\\/webouwen.com\\\/hu\\\/vacature\\\/komuves\\\/#breadcrumb\",\"itemListElement\":[{\"@type\":\"ListItem\",\"position\":1,\"name\":\"Home\",\"item\":\"https:\\\/\\\/webouwen.com\\\/hu\\\/\"},{\"@type\":\"ListItem\",\"position\":2,\"name\":\"K\u0151m\u0171ves\"}]},{\"@type\":\"WebSite\",\"@id\":\"https:\\\/\\\/webouwen.com\\\/#website\",\"url\":\"https:\\\/\\\/webouwen.com\\\/\",\"name\":\"WE Bouwen\",\"description\":\"Samen met jou\",\"publisher\":{\"@id\":\"https:\\\/\\\/webouwen.com\\\/#organization\"},\"potentialAction\":[{\"@type\":\"SearchAction\",\"target\":{\"@type\":\"EntryPoint\",\"urlTemplate\":\"https:\\\/\\\/webouwen.com\\\/?s={search_term_string}\"},\"query-input\":{\"@type\":\"PropertyValueSpecification\",\"valueRequired\":true,\"valueName\":\"search_term_string\"}}],\"inLanguage\":\"hu\"},{\"@type\":\"Organization\",\"@id\":\"https:\\\/\\\/webouwen.com\\\/#organization\",\"name\":\"WE Bouwen\",\"url\":\"https:\\\/\\\/webouwen.com\\\/\",\"logo\":{\"@type\":\"ImageObject\",\"inLanguage\":\"hu\",\"@id\":\"https:\\\/\\\/webouwen.com\\\/#\\\/schema\\\/logo\\\/image\\\/\",\"url\":\"https:\\\/\\\/webouwen.com\\\/wp-content\\\/uploads\\\/2022\\\/09\\\/logo-we-bouwen.png\",\"contentUrl\":\"https:\\\/\\\/webouwen.com\\\/wp-content\\\/uploads\\\/2022\\\/09\\\/logo-we-bouwen.png\",\"width\":1000,\"height\":376,\"caption\":\"WE Bouwen\"},\"image\":{\"@id\":\"https:\\\/\\\/webouwen.com\\\/#\\\/schema\\\/logo\\\/image\\\/\"},\"sameAs\":[\"https:\\\/\\\/www.facebook.com\\\/webouwensamenmetjou\",\"https:\\\/\\\/www.linkedin.com\\\/company\\\/we-bouwen\\\/\"]}]}<\/script>\n<!-- \/ Yoast SEO plugin. -->","yoast_head_json":{"title":"K\u0151m\u0171ves - WE Bouwen","description":"Tapasztalt k\u0151m\u0171ves \u00e1ll\u00e1s Hollandi\u00e1ban. Bels\u0151 \u00e9s k\u00fcls\u0151 falaz\u00e1s, j\u00e1r\u00f3lap, fal \u00e9s cser\u00e9ptet\u0151 jav\u00edt\u00e1s \u2013 kem\u00e9ny munka, biztos lehet\u0151s\u00e9g.","robots":{"index":"index","follow":"follow","max-snippet":"max-snippet:-1","max-image-preview":"max-image-preview:large","max-video-preview":"max-video-preview:-1"},"canonical":"https:\/\/webouwen.com\/hu\/vacature\/komuves\/","og_locale":"hu_HU","og_type":"article","og_title":"K\u0151m\u0171ves - WE Bouwen","og_description":"Tapasztalt k\u0151m\u0171ves \u00e1ll\u00e1s Hollandi\u00e1ban. Bels\u0151 \u00e9s k\u00fcls\u0151 falaz\u00e1s, j\u00e1r\u00f3lap, fal \u00e9s cser\u00e9ptet\u0151 jav\u00edt\u00e1s \u2013 kem\u00e9ny munka, biztos lehet\u0151s\u00e9g.","og_url":"https:\/\/webouwen.com\/hu\/vacature\/komuves\/","og_site_name":"WE Bouwen","article_publisher":"https:\/\/www.facebook.com\/webouwensamenmetjou","article_modified_time":"2026-03-25T10:06:03+00:00","twitter_card":"summary_large_image","twitter_misc":{"Becs\u00fclt olvas\u00e1si id\u0151":"2 perc"},"schema":{"@context":"https:\/\/schema.org","@graph":[{"@type":"WebPage","@id":"https:\/\/webouwen.com\/hu\/vacature\/komuves\/","url":"https:\/\/webouwen.com\/hu\/vacature\/komuves\/","name":"K\u0151m\u0171ves - WE Bouwen","isPartOf":{"@id":"https:\/\/webouwen.com\/#website"},"datePublished":"2022-09-16T11:15:00+00:00","dateModified":"2026-03-25T10:06:03+00:00","description":"Tapasztalt k\u0151m\u0171ves \u00e1ll\u00e1s Hollandi\u00e1ban. Bels\u0151 \u00e9s k\u00fcls\u0151 falaz\u00e1s, j\u00e1r\u00f3lap, fal \u00e9s cser\u00e9ptet\u0151 jav\u00edt\u00e1s \u2013 kem\u00e9ny munka, biztos lehet\u0151s\u00e9g.","breadcrumb":{"@id":"https:\/\/webouwen.com\/hu\/vacature\/komuves\/#breadcrumb"},"inLanguage":"hu","potentialAction":[{"@type":"ReadAction","target":["https:\/\/webouwen.com\/hu\/vacature\/komuves\/"]}]},{"@type":"BreadcrumbList","@id":"https:\/\/webouwen.com\/hu\/vacature\/komuves\/#breadcrumb","itemListElement":[{"@type":"ListItem","position":1,"name":"Home","item":"https:\/\/webouwen.com\/hu\/"},{"@type":"ListItem","position":2,"name":"K\u0151m\u0171ves"}]},{"@type":"WebSite","@id":"https:\/\/webouwen.com\/#website","url":"https:\/\/webouwen.com\/","name":"WE Bouwen","description":"Samen met jou","publisher":{"@id":"https:\/\/webouwen.com\/#organization"},"potentialAction":[{"@type":"SearchAction","target":{"@type":"EntryPoint","urlTemplate":"https:\/\/webouwen.com\/?s={search_term_string}"},"query-input":{"@type":"PropertyValueSpecification","valueRequired":true,"valueName":"search_term_string"}}],"inLanguage":"hu"},{"@type":"Organization","@id":"https:\/\/webouwen.com\/#organization","name":"WE Bouwen","url":"https:\/\/webouwen.com\/","logo":{"@type":"ImageObject","inLanguage":"hu","@id":"https:\/\/webouwen.com\/#\/schema\/logo\/image\/","url":"https:\/\/webouwen.com\/wp-content\/uploads\/2022\/09\/logo-we-bouwen.png","contentUrl":"https:\/\/webouwen.com\/wp-content\/uploads\/2022\/09\/logo-we-bouwen.png","width":1000,"height":376,"caption":"WE Bouwen"},"image":{"@id":"https:\/\/webouwen.com\/#\/schema\/logo\/image\/"},"sameAs":["https:\/\/www.facebook.com\/webouwensamenmetjou","https:\/\/www.linkedin.com\/company\/we-bouwen\/"]}]}},"_links":{"self":[{"href":"https:\/\/webouwen.com\/hu\/wp-json\/wp\/v2\/job-listings\/3770","targetHints":{"allow":["GET"]}}],"collection":[{"href":"https:\/\/webouwen.com\/hu\/wp-json\/wp\/v2\/job-listings"}],"about":[{"href":"https:\/\/webouwen.com\/hu\/wp-json\/wp\/v2\/types\/job_listing"}],"author":[{"embeddable":true,"href":"https:\/\/webouwen.com\/hu\/wp-json\/wp\/v2\/users\/7"}],"wp:attachment":[{"href":"https:\/\/webouwen.com\/hu\/wp-json\/wp\/v2\/media?parent=3770"}],"wp:term":[{"taxonomy":"job_listing_type","embeddable":true,"href":"https:\/\/webouwen.com\/hu\/wp-json\/wp\/v2\/job-types?post=3770"}],"curies":[{"name":"wp","href":"https:\/\/api.w.org\/{rel}","templated":true}]}}