{"id":4012,"date":"2025-10-02T14:07:27","date_gmt":"2025-10-02T12:07:27","guid":{"rendered":"https:\/\/webouwen.com\/vacature\/vizvezetek-szerelo\/"},"modified":"2025-10-06T13:03:09","modified_gmt":"2025-10-06T11:03:09","slug":"vizvezetek-szerelo","status":"publish","type":"job_listing","link":"https:\/\/webouwen.com\/hu\/vacature\/vizvezetek-szerelo\/","title":{"rendered":"V\u00edzvezet\u00e9k-szerel\u0151"},"content":{"rendered":"<p data-start=\"273\" data-end=\"861\"><strong>Tapasztalt v\u00edzvezet\u00e9k-szerel\u0151 vagy, aki \u00faj kih\u00edv\u00e1st keres? K\u00fcl\u00f6nb\u00f6z\u0151 megb\u00edz\u00f3ink sz\u00e1m\u00e1ra keres\u00fcnk szakembereket, akik val\u00f3ban \u00e9rtenek a min\u0151s\u00e9gi v\u00edzvezet\u00e9k-szerel\u00e9shez. Legyen sz\u00f3 fel\u00faj\u00edt\u00e1sr\u00f3l, karbantart\u00e1sr\u00f3l vagy teljes rendszerek ki\u00e9p\u00edt\u00e9s\u00e9r\u0151l, sz\u00e1modra ez nem jelent gondot. Az Uponor csatlakoz\u00f3rendszer, vezet\u00e9kek, szaniterek \u00e9s v\u00edztelep\u00edt\u00e9sek ter\u00e9n szerzett tud\u00e1soddal minden projektben a min\u0151s\u00e9get, fenntarthat\u00f3s\u00e1got \u00e9s szak\u00e9rtelmet biztos\u00edtod. Ez az \u00e1ll\u00e1slehet\u0151s\u00e9g lehet\u0151s\u00e9get ad arra, hogy teljes m\u00e9rt\u00e9kben kamatoztasd szakmai tapasztalatodat. <\/strong><\/p>\n<p data-start=\"863\" data-end=\"1358\">V\u00edzvezet\u00e9k-szerel\u0151k\u00e9nt sz\u00e9lesk\u00f6r\u0171 tapasztalattal rendelkezel k\u00fcl\u00f6nf\u00e9le rendszerek szerel\u00e9s\u00e9ben, cser\u00e9j\u00e9ben \u00e9s karbantart\u00e1s\u00e1ban. Cs\u0151vezet\u00e9kek ki\u00e9p\u00edt\u00e9se, berendez\u00e9sek bont\u00e1sa, lejt\u00e9sek meghat\u00e1roz\u00e1sa \u00e9s komplett rendszerek telep\u00edt\u00e9se sz\u00e1modra mindennapi rutin. \u00d6n\u00e1ll\u00f3an dolgozol, \u00e9rted a m\u0171szaki rajzokat \u00e9s j\u00f3l kommunik\u00e1lsz az \u00fcgyfelekkel. Magadra ismersz? Akkor ez a v\u00edzvezet\u00e9k-szerel\u0151 \u00e1ll\u00e1s pontosan neked val\u00f3!<\/p>\n<h2 data-start=\"863\" data-end=\"1358\">Mit fogsz csin\u00e1lni?<\/h2>\n<p data-start=\"128\" data-end=\"882\">Ebben a munkak\u00f6rben \u00f6n\u00e1ll\u00f3an \u00e9s megold\u00e1sorient\u00e1ltan dolgozol v\u00edzvezet\u00e9k-szerel\u0151k\u00e9nt fel\u00faj\u00edt\u00e1si \u00e9s szervizprojektekben Hollandi\u00e1ban. Teljes projekteket hajtasz v\u00e9gre: a megl\u00e9v\u0151 rendszerek bont\u00e1s\u00e1t\u00f3l kezdve, a megfelel\u0151 lejt\u00e9s meghat\u00e1roz\u00e1s\u00e1n \u00e1t, eg\u00e9szen az \u00faj vezet\u00e9kek \u00e9s rendszerek telep\u00edt\u00e9s\u00e9ig a m\u0171szaki rajzok alapj\u00e1n. Modern technol\u00f3gi\u00e1kat, p\u00e9ld\u00e1ul az Uponor csatlakoz\u00f3rendszert haszn\u00e1lsz, \u00e9s mag\u00e1n\u00fcgyfelek otthon\u00e1ban dolgozol, ahol gondoskodsz a megjelen\u00e9sed reprezentativit\u00e1s\u00e1r\u00f3l \u00e9s a vil\u00e1gos kommunik\u00e1ci\u00f3r\u00f3l hollandul vagy angolul. B kateg\u00f3ri\u00e1s jogos\u00edtv\u00e1nyoddal \u00e9s saj\u00e1t j\u00e1rm\u0171veddel rugalmasan bevethet\u0151 vagy, \u00e9s kiv\u00e1l\u00f3 interperszon\u00e1lis k\u00e9szs\u00e9geiddel minden projektet \u00fcgyf\u00e9lel\u00e9gedetts\u00e9ggel z\u00e1rsz le.<\/p>\n<h2 data-start=\"128\" data-end=\"882\">Ki vagy te<\/h2>\n<ul>\n<li data-start=\"107\" data-end=\"280\">\n<p data-start=\"109\" data-end=\"280\">\u00d6n\u00e1ll\u00f3an \u00e9s megold\u00e1sorient\u00e1ltan tudsz dolgozni, \u00e9s el\u0151ny, ha van tapasztalatod v\u00edzvezet\u00e9k-szerel\u0151k\u00e9nt Hollandi\u00e1ban fel\u00faj\u00edt\u00e1si \u00e9s szervizprojektekben, valamint az Uponor csatlakoz\u00f3rendszer haszn\u00e1lat\u00e1ban.<\/p>\n<\/li>\n<li>Kevesebb tapasztalatod van? Ha motiv\u00e1lt vagy a tanul\u00e1sra \u00e9s kezdem\u00e9nyez\u0151k\u00e9szs\u00e9get mutatsz, sz\u00edvesen lehet\u0151s\u00e9get adunk neked a tov\u00e1bbi fejl\u0151d\u00e9sre.<\/li>\n<li>Tudsz m\u0171szaki rajzokat olvasni, \u00e9s k\u00e9szen \u00e1llsz teljes projekteket v\u00e9grehajtani, a bont\u00e1st\u00f3l \u00e9s lejt\u00e9s meghat\u00e1roz\u00e1s\u00e1t\u00f3l kezdve eg\u00e9szen a telep\u00edt\u00e9sig.<\/li>\n<li>J\u00f3l kommunik\u00e1lsz hollandul vagy angolul.<\/li>\n<li>Rendelkezel B kateg\u00f3ri\u00e1s jogos\u00edtv\u00e1nnyal (lehet\u0151leg saj\u00e1t j\u00e1rm\u0171vel).<\/li>\n<li>K\u00e9szen \u00e1llsz betartani a munkahelyi biztons\u00e1gi, higi\u00e9niai \u00e9s k\u00f6rnyezetv\u00e9delmi el\u0151\u00edr\u00e1sokat.<\/li>\n<\/ul>\n<h2>Mit k\u00edn\u00e1lunk<\/h2>\n<p><strong>A j\u00f3 munkak\u00f6rnyezet mellett a k\u00f6vetkez\u0151ket k\u00edn\u00e1ljuk:<\/strong><\/p>\n<ul>\n<li data-start=\"230\" data-end=\"350\">\n<p data-start=\"232\" data-end=\"350\">V\u00e1ltozatos \u00e9s kih\u00edv\u00e1st jelent\u0151 munka a v\u00edzvezet\u00e9k-szerel\u0151 szakm\u00e1ban (fel\u00faj\u00edt\u00e1s \u00e9s szerviz).<\/p>\n<\/li>\n<li data-start=\"230\" data-end=\"350\">\u00c1lland\u00f3 kapcsolattart\u00f3, aki foly\u00e9konyan besz\u00e9li a nyelvedet \u00e9s t\u00e1mogat a k\u00e9rd\u00e9seidben.<\/li>\n<li data-start=\"230\" data-end=\"350\">Hossz\u00fa t\u00e1v\u00fa egy\u00fcttm\u0171k\u00f6d\u00e9s heti kifizet\u00e9sekkel.<\/li>\n<li data-start=\"230\" data-end=\"350\">Kis munkater\u00fclet, \u00edgy nem kell messzire utaznod.<\/li>\n<li>Sz\u00e1ll\u00e1s \u00e9s k\u00f6zleked\u00e9s a lak\u00f3helyed \u00e9s a munkahelyed k\u00f6z\u00f6tt.<\/li>\n<li>Megfelel\u0151 munkaruh\u00e1zat.<\/li>\n<li data-start=\"230\" data-end=\"350\">Lehet\u0151s\u00e9gek a szakmai fejl\u0151d\u00e9sre \u00e9s tan\u00fas\u00edtv\u00e1nyok megszerz\u00e9s\u00e9re (p\u00e9ld\u00e1ul VCA, ha sz\u00fcks\u00e9ges).<\/li>\n<\/ul>\n","protected":false},"author":4,"featured_media":0,"template":"","meta":{"_acf_changed":false,"_coblocks_attr":"","_coblocks_dimensions":"","_coblocks_responsive_height":"","_coblocks_accordion_ie_support":"","inline_featured_image":false,"_promoted":"","_job_location":"Hollandia","_application":"info@webouwen.com","_company_name":"","_company_website":"","_company_tagline":"","_company_twitter":"","_company_video":"","_filled":0,"_featured":0,"_remote_position":0,"_job_salary":"500 - 800","_job_salary_currency":"","_job_salary_unit":""},"job-types":[69],"class_list":{"0":"post-4012","1":"job_listing","2":"type-job_listing","3":"status-publish","4":"hentry","6":"job-type-32-40-ora-hetente"},"acf":[],"yoast_head":"<!-- This site is optimized with the Yoast SEO plugin v27.5 - https:\/\/yoast.com\/product\/yoast-seo-wordpress\/ -->\n<title>V\u00edzvezet\u00e9k-szerel\u0151 - WE Bouwen<\/title>\n<meta name=\"description\" content=\"Tapasztalt v\u00edzvezet\u00e9k-szerel\u0151 Hollandi\u00e1ban: fel\u00faj\u00edt\u00e1s, karbantart\u00e1s, teljes rendszerek ki\u00e9p\u00edt\u00e9se Uponor csatlakoz\u00f3rendszerrel \u2013 min\u0151s\u00e9gi \u00e9s fenntarthat\u00f3 munka.\" \/>\n<meta name=\"robots\" content=\"index, follow, max-snippet:-1, max-image-preview:large, max-video-preview:-1\" \/>\n<link rel=\"canonical\" href=\"https:\/\/webouwen.com\/hu\/vacature\/vizvezetek-szerelo\/\" \/>\n<meta property=\"og:locale\" content=\"hu_HU\" \/>\n<meta property=\"og:type\" content=\"article\" \/>\n<meta property=\"og:title\" content=\"V\u00edzvezet\u00e9k-szerel\u0151 - WE Bouwen\" \/>\n<meta property=\"og:description\" content=\"Tapasztalt v\u00edzvezet\u00e9k-szerel\u0151 Hollandi\u00e1ban: fel\u00faj\u00edt\u00e1s, karbantart\u00e1s, teljes rendszerek ki\u00e9p\u00edt\u00e9se Uponor csatlakoz\u00f3rendszerrel \u2013 min\u0151s\u00e9gi \u00e9s fenntarthat\u00f3 munka.\" \/>\n<meta property=\"og:url\" content=\"https:\/\/webouwen.com\/hu\/vacature\/vizvezetek-szerelo\/\" \/>\n<meta property=\"og:site_name\" content=\"WE Bouwen\" \/>\n<meta property=\"article:publisher\" content=\"https:\/\/www.facebook.com\/webouwensamenmetjou\" \/>\n<meta property=\"article:modified_time\" content=\"2025-10-06T11:03:09+00:00\" \/>\n<meta name=\"twitter:card\" content=\"summary_large_image\" \/>\n<meta name=\"twitter:label1\" content=\"Becs\u00fclt olvas\u00e1si id\u0151\" \/>\n\t<meta name=\"twitter:data1\" content=\"2 perc\" \/>\n<script type=\"application\/ld+json\" class=\"yoast-schema-graph\">{\"@context\":\"https:\\\/\\\/schema.org\",\"@graph\":[{\"@type\":\"WebPage\",\"@id\":\"https:\\\/\\\/webouwen.com\\\/hu\\\/vacature\\\/vizvezetek-szerelo\\\/\",\"url\":\"https:\\\/\\\/webouwen.com\\\/hu\\\/vacature\\\/vizvezetek-szerelo\\\/\",\"name\":\"V\u00edzvezet\u00e9k-szerel\u0151 - WE Bouwen\",\"isPartOf\":{\"@id\":\"https:\\\/\\\/webouwen.com\\\/#website\"},\"datePublished\":\"2025-10-02T12:07:27+00:00\",\"dateModified\":\"2025-10-06T11:03:09+00:00\",\"description\":\"Tapasztalt v\u00edzvezet\u00e9k-szerel\u0151 Hollandi\u00e1ban: fel\u00faj\u00edt\u00e1s, karbantart\u00e1s, teljes rendszerek ki\u00e9p\u00edt\u00e9se Uponor csatlakoz\u00f3rendszerrel \u2013 min\u0151s\u00e9gi \u00e9s fenntarthat\u00f3 munka.\",\"breadcrumb\":{\"@id\":\"https:\\\/\\\/webouwen.com\\\/hu\\\/vacature\\\/vizvezetek-szerelo\\\/#breadcrumb\"},\"inLanguage\":\"hu\",\"potentialAction\":[{\"@type\":\"ReadAction\",\"target\":[\"https:\\\/\\\/webouwen.com\\\/hu\\\/vacature\\\/vizvezetek-szerelo\\\/\"]}]},{\"@type\":\"BreadcrumbList\",\"@id\":\"https:\\\/\\\/webouwen.com\\\/hu\\\/vacature\\\/vizvezetek-szerelo\\\/#breadcrumb\",\"itemListElement\":[{\"@type\":\"ListItem\",\"position\":1,\"name\":\"Home\",\"item\":\"https:\\\/\\\/webouwen.com\\\/hu\\\/\"},{\"@type\":\"ListItem\",\"position\":2,\"name\":\"V\u00edzvezet\u00e9k-szerel\u0151\"}]},{\"@type\":\"WebSite\",\"@id\":\"https:\\\/\\\/webouwen.com\\\/#website\",\"url\":\"https:\\\/\\\/webouwen.com\\\/\",\"name\":\"WE Bouwen\",\"description\":\"Samen met jou\",\"publisher\":{\"@id\":\"https:\\\/\\\/webouwen.com\\\/#organization\"},\"potentialAction\":[{\"@type\":\"SearchAction\",\"target\":{\"@type\":\"EntryPoint\",\"urlTemplate\":\"https:\\\/\\\/webouwen.com\\\/?s={search_term_string}\"},\"query-input\":{\"@type\":\"PropertyValueSpecification\",\"valueRequired\":true,\"valueName\":\"search_term_string\"}}],\"inLanguage\":\"hu\"},{\"@type\":\"Organization\",\"@id\":\"https:\\\/\\\/webouwen.com\\\/#organization\",\"name\":\"WE Bouwen\",\"url\":\"https:\\\/\\\/webouwen.com\\\/\",\"logo\":{\"@type\":\"ImageObject\",\"inLanguage\":\"hu\",\"@id\":\"https:\\\/\\\/webouwen.com\\\/#\\\/schema\\\/logo\\\/image\\\/\",\"url\":\"https:\\\/\\\/webouwen.com\\\/wp-content\\\/uploads\\\/2022\\\/09\\\/logo-we-bouwen.png\",\"contentUrl\":\"https:\\\/\\\/webouwen.com\\\/wp-content\\\/uploads\\\/2022\\\/09\\\/logo-we-bouwen.png\",\"width\":1000,\"height\":376,\"caption\":\"WE Bouwen\"},\"image\":{\"@id\":\"https:\\\/\\\/webouwen.com\\\/#\\\/schema\\\/logo\\\/image\\\/\"},\"sameAs\":[\"https:\\\/\\\/www.facebook.com\\\/webouwensamenmetjou\",\"https:\\\/\\\/www.linkedin.com\\\/company\\\/we-bouwen\\\/\"]}]}<\/script>\n<!-- \/ Yoast SEO plugin. -->","yoast_head_json":{"title":"V\u00edzvezet\u00e9k-szerel\u0151 - WE Bouwen","description":"Tapasztalt v\u00edzvezet\u00e9k-szerel\u0151 Hollandi\u00e1ban: fel\u00faj\u00edt\u00e1s, karbantart\u00e1s, teljes rendszerek ki\u00e9p\u00edt\u00e9se Uponor csatlakoz\u00f3rendszerrel \u2013 min\u0151s\u00e9gi \u00e9s fenntarthat\u00f3 munka.","robots":{"index":"index","follow":"follow","max-snippet":"max-snippet:-1","max-image-preview":"max-image-preview:large","max-video-preview":"max-video-preview:-1"},"canonical":"https:\/\/webouwen.com\/hu\/vacature\/vizvezetek-szerelo\/","og_locale":"hu_HU","og_type":"article","og_title":"V\u00edzvezet\u00e9k-szerel\u0151 - WE Bouwen","og_description":"Tapasztalt v\u00edzvezet\u00e9k-szerel\u0151 Hollandi\u00e1ban: fel\u00faj\u00edt\u00e1s, karbantart\u00e1s, teljes rendszerek ki\u00e9p\u00edt\u00e9se Uponor csatlakoz\u00f3rendszerrel \u2013 min\u0151s\u00e9gi \u00e9s fenntarthat\u00f3 munka.","og_url":"https:\/\/webouwen.com\/hu\/vacature\/vizvezetek-szerelo\/","og_site_name":"WE Bouwen","article_publisher":"https:\/\/www.facebook.com\/webouwensamenmetjou","article_modified_time":"2025-10-06T11:03:09+00:00","twitter_card":"summary_large_image","twitter_misc":{"Becs\u00fclt olvas\u00e1si id\u0151":"2 perc"},"schema":{"@context":"https:\/\/schema.org","@graph":[{"@type":"WebPage","@id":"https:\/\/webouwen.com\/hu\/vacature\/vizvezetek-szerelo\/","url":"https:\/\/webouwen.com\/hu\/vacature\/vizvezetek-szerelo\/","name":"V\u00edzvezet\u00e9k-szerel\u0151 - WE Bouwen","isPartOf":{"@id":"https:\/\/webouwen.com\/#website"},"datePublished":"2025-10-02T12:07:27+00:00","dateModified":"2025-10-06T11:03:09+00:00","description":"Tapasztalt v\u00edzvezet\u00e9k-szerel\u0151 Hollandi\u00e1ban: fel\u00faj\u00edt\u00e1s, karbantart\u00e1s, teljes rendszerek ki\u00e9p\u00edt\u00e9se Uponor csatlakoz\u00f3rendszerrel \u2013 min\u0151s\u00e9gi \u00e9s fenntarthat\u00f3 munka.","breadcrumb":{"@id":"https:\/\/webouwen.com\/hu\/vacature\/vizvezetek-szerelo\/#breadcrumb"},"inLanguage":"hu","potentialAction":[{"@type":"ReadAction","target":["https:\/\/webouwen.com\/hu\/vacature\/vizvezetek-szerelo\/"]}]},{"@type":"BreadcrumbList","@id":"https:\/\/webouwen.com\/hu\/vacature\/vizvezetek-szerelo\/#breadcrumb","itemListElement":[{"@type":"ListItem","position":1,"name":"Home","item":"https:\/\/webouwen.com\/hu\/"},{"@type":"ListItem","position":2,"name":"V\u00edzvezet\u00e9k-szerel\u0151"}]},{"@type":"WebSite","@id":"https:\/\/webouwen.com\/#website","url":"https:\/\/webouwen.com\/","name":"WE Bouwen","description":"Samen met jou","publisher":{"@id":"https:\/\/webouwen.com\/#organization"},"potentialAction":[{"@type":"SearchAction","target":{"@type":"EntryPoint","urlTemplate":"https:\/\/webouwen.com\/?s={search_term_string}"},"query-input":{"@type":"PropertyValueSpecification","valueRequired":true,"valueName":"search_term_string"}}],"inLanguage":"hu"},{"@type":"Organization","@id":"https:\/\/webouwen.com\/#organization","name":"WE Bouwen","url":"https:\/\/webouwen.com\/","logo":{"@type":"ImageObject","inLanguage":"hu","@id":"https:\/\/webouwen.com\/#\/schema\/logo\/image\/","url":"https:\/\/webouwen.com\/wp-content\/uploads\/2022\/09\/logo-we-bouwen.png","contentUrl":"https:\/\/webouwen.com\/wp-content\/uploads\/2022\/09\/logo-we-bouwen.png","width":1000,"height":376,"caption":"WE Bouwen"},"image":{"@id":"https:\/\/webouwen.com\/#\/schema\/logo\/image\/"},"sameAs":["https:\/\/www.facebook.com\/webouwensamenmetjou","https:\/\/www.linkedin.com\/company\/we-bouwen\/"]}]}},"_links":{"self":[{"href":"https:\/\/webouwen.com\/hu\/wp-json\/wp\/v2\/job-listings\/4012","targetHints":{"allow":["GET"]}}],"collection":[{"href":"https:\/\/webouwen.com\/hu\/wp-json\/wp\/v2\/job-listings"}],"about":[{"href":"https:\/\/webouwen.com\/hu\/wp-json\/wp\/v2\/types\/job_listing"}],"author":[{"embeddable":true,"href":"https:\/\/webouwen.com\/hu\/wp-json\/wp\/v2\/users\/4"}],"wp:attachment":[{"href":"https:\/\/webouwen.com\/hu\/wp-json\/wp\/v2\/media?parent=4012"}],"wp:term":[{"taxonomy":"job_listing_type","embeddable":true,"href":"https:\/\/webouwen.com\/hu\/wp-json\/wp\/v2\/job-types?post=4012"}],"curies":[{"name":"wp","href":"https:\/\/api.w.org\/{rel}","templated":true}]}}