{"id":4013,"date":"2025-08-15T10:34:37","date_gmt":"2025-08-15T08:34:37","guid":{"rendered":"https:\/\/webouwen.com\/vacature\/tetos-acs\/"},"modified":"2025-10-06T13:03:53","modified_gmt":"2025-10-06T11:03:53","slug":"tetos-acs","status":"publish","type":"job_listing","link":"https:\/\/webouwen.com\/hu\/vacature\/tetos-acs\/","title":{"rendered":"Tet\u0151s \u00e1cs"},"content":{"rendered":"<p data-start=\"148\" data-end=\"624\"><strong>Tapasztalt tet\u0151s \u00e1cs vagy, aki \u00faj kih\u00edv\u00e1sra k\u00e9sz az \u00e9p\u00edt\u0151iparban? K\u00fcl\u00f6nb\u00f6z\u0151 megb\u00edz\u00f3ink sz\u00e1m\u00e1ra keres\u00fcnk szakembereket, akik szak\u00e9rtelm\u00fcket sz\u00edvesen kamatoztatj\u00e1k v\u00e1ltozatos tet\u0151projekteken. A fel\u00faj\u00edt\u00e1st\u00f3l a teljes (de)szerel\u00e9sig \u00e9s a befejez\u0151 munk\u00e1latokig pontosan tudod, hogyan kell min\u0151s\u00e9gi munk\u00e1t v\u00e9gezni. Tud\u00e1soddal \u00e9s tapasztalatoddal er\u0151s, tart\u00f3s tet\u0151szerkezeteket hozol l\u00e9tre, \u00e9s hozz\u00e1j\u00e1rulsz a biztons\u00e1gos, j\u00f6v\u0151\u00e1ll\u00f3 \u00e9p\u00edtm\u00e9nyekhez. <\/strong><\/p>\n<p data-start=\"626\" data-end=\"1245\">Tet\u0151s \u00e1csk\u00e9nt \u00f6n\u00e1ll\u00f3, prec\u00edz vagy \u00e9s figyelsz a r\u00e9szletekre. K\u00e9pes vagy m\u0171szaki rajzok alapj\u00e1n dolgozni, van tapasztalatod fel\u00faj\u00edt\u00e1si projekteken, \u00e9s v\u00e1llalod a teljes munkafolyamatot \u2013 a bont\u00e1st\u00f3l a telep\u00edt\u00e9sen \u00e1t eg\u00e9szen a befejez\u0151 munk\u00e1kig. Sz\u00edvesen dolgozol egy\u00fctt koll\u00e9g\u00e1iddal az \u00e9p\u00edtkez\u00e9sen, j\u00f3l kommunik\u00e1lsz magyarul vagy angolul, \u00e9s felel\u0151ss\u00e9get v\u00e1llalsz a min\u0151s\u00e9gi, fenntarthat\u00f3 szakmunk\u00e1\u00e9rt. Olyan v\u00e1ltozatos \u00e1ll\u00e1st keresel tet\u0151s \u00e1csk\u00e9nt, ahol szak\u00e9rtelmedet kamatoztathatod \u00e9s \u00e9p\u00edtheted a j\u00f6v\u0151det? Akkor ez a poz\u00edci\u00f3 \u00e9ppen neked val\u00f3.<\/p>\n<h3 data-start=\"626\" data-end=\"1245\">Mit fogsz csin\u00e1lni?<\/h3>\n<p>Tet\u0151s \u00e1csk\u00e9nt \u00f6n\u00e1ll\u00f3an dolgozol k\u00fcl\u00f6nf\u00e9le tet\u0151projekteken. Felel\u0151s vagy a teljes tet\u0151szerkezetek (de)szerel\u00e9s\u00e9\u00e9rt, telep\u00edt\u00e9s\u00e9\u00e9rt \u00e9s befejez\u00e9s\u00e9\u00e9rt, \u00e9s munk\u00e1dat m\u0171szaki rajzok alapj\u00e1n, prec\u00edzen v\u00e9gzed. Fel\u00faj\u00edt\u00e1si tapasztalatoddal, r\u00e9szletekre val\u00f3 odafigyel\u00e9seddel \u00e9s holland vagy angol nyelv\u0171 kommunik\u00e1ci\u00f3s k\u00e9szs\u00e9geiddel min\u0151s\u00e9gi, fenntarthat\u00f3 szakmunk\u00e1t ny\u00fajtasz, biztos\u00edtod minden projekt biztons\u00e1gos \u00e9s hat\u00e9kony kivitelez\u00e9s\u00e9t, mik\u00f6zben m\u00e1s szakemberekkel egy\u00fctt dolgozol \u00e9s \u00e9p\u00edted saj\u00e1t j\u00f6v\u0151det az \u00e9p\u00edt\u0151iparban.<\/p>\n<h3>Ki vagy te<\/h3>\n<ul>\n<li data-start=\"93\" data-end=\"216\">\n<p data-start=\"95\" data-end=\"216\">Sz\u00edvesen dolgozol \u00f6n\u00e1ll\u00f3an \u00e9s tudod, hogyan kell nekil\u00e1tni a munk\u00e1nak, el\u0151ny, ha van tapasztalatod tet\u0151s \u00e1csk\u00e9nt vagy tet\u0151fed\u0151k\u00e9nt Hollandi\u00e1ban.<\/p>\n<\/li>\n<li data-start=\"93\" data-end=\"216\">Kevesebb tapasztalatod van? Nem gond. Ha motiv\u00e1lt \u00e9s tanulni v\u00e1gy\u00f3 vagy, n\u00e1lunk lehet\u0151s\u00e9get kapsz a tov\u00e1bbi fejl\u0151d\u00e9sre.<\/li>\n<li data-start=\"93\" data-end=\"216\">J\u00f3l tudsz m\u0171szaki rajzok alapj\u00e1n dolgozni, \u00e9s el\u0151ny, ha van tapasztalatod fel\u00faj\u00edt\u00e1sokkal \u00e9s komplett projektekkel (bont\u00e1s, telep\u00edt\u00e9s, befejez\u00e9s).<\/li>\n<li data-start=\"93\" data-end=\"216\">Besz\u00e9lsz hollandul vagy angolul.<\/li>\n<li data-start=\"93\" data-end=\"216\">Rendelkezel B kateg\u00f3ri\u00e1s jogos\u00edtv\u00e1nnyal (lehet\u0151leg saj\u00e1t j\u00e1rm\u0171vel).<\/li>\n<li data-start=\"93\" data-end=\"216\">K\u00e9szen \u00e1llsz arra, hogy a munkahelyen szigor\u00faan betartsd a biztons\u00e1gi, higi\u00e9niai \u00e9s k\u00f6rnyezetv\u00e9delmi el\u0151\u00edr\u00e1sokat.<\/li>\n<\/ul>\n<h3>Mit k\u00edn\u00e1lunk<\/h3>\n<p>A j\u00f3 munkak\u00f6rnyezet mellett a k\u00f6vetkez\u0151ket k\u00edn\u00e1ljuk sz\u00e1modra:<\/p>\n<ul>\n<li data-start=\"189\" data-end=\"302\">\n<p data-start=\"191\" data-end=\"302\">V\u00e1ltozatos \u00e9s kih\u00edv\u00e1st jelent\u0151 munka sz\u00e9p tet\u0151projekteken egy kompakt r\u00e9gi\u00f3ban, \u00edgy nem kell messzire utaznod.<\/p>\n<\/li>\n<li data-start=\"189\" data-end=\"302\">\u00c1lland\u00f3 kapcsolattart\u00f3, aki besz\u00e9li a nyelvedet \u00e9s t\u00e1mogat a munkafolyamat sor\u00e1n.<\/li>\n<li data-start=\"189\" data-end=\"302\">Heti kifizet\u00e9sek vonz\u00f3 fizet\u00e9ssel, amely megfelel a tapasztalatodnak \u00e9s szak\u00e9rtelmednek.<\/li>\n<li data-start=\"189\" data-end=\"302\">Hossz\u00fa t\u00e1v\u00fa egy\u00fcttm\u0171k\u00f6d\u00e9s szakmai fejl\u0151d\u00e9si lehet\u0151s\u00e9gekkel, az egy\u00e9ni v\u00e1llalkoz\u00f3k (ZZP) sz\u00e1m\u00e1ra is, amennyiben teljes\u00edtik a felt\u00e9teleket.<\/li>\n<li data-start=\"189\" data-end=\"302\">Sz\u00e1ll\u00e1s \u00e9s sz\u00e1ll\u00edt\u00e1s a lak\u00f3helyed \u00e9s a munkahelyed k\u00f6z\u00f6tt.<\/li>\n<li data-start=\"189\" data-end=\"302\">Megfelel\u0151 munkaruh\u00e1zat.<\/li>\n<li data-start=\"189\" data-end=\"302\">Lehet\u0151s\u00e9g a VCA bizony\u00edtv\u00e1ny megszerz\u00e9s\u00e9re (ha m\u00e9g nem rendelkezel vele).<\/li>\n<\/ul>\n","protected":false},"author":5,"featured_media":0,"template":"","meta":{"_acf_changed":false,"_coblocks_attr":"","_coblocks_dimensions":"","_coblocks_responsive_height":"","_coblocks_accordion_ie_support":"","inline_featured_image":false,"_promoted":"","_job_location":"Hollandia","_application":"info@webouwen.com","_company_name":"","_company_website":"","_company_tagline":"","_company_twitter":"","_company_video":"","_filled":0,"_featured":0,"_remote_position":0,"_job_salary":"500 - 800","_job_salary_currency":"","_job_salary_unit":""},"job-types":[69],"class_list":{"0":"post-4013","1":"job_listing","2":"type-job_listing","3":"status-publish","4":"hentry","6":"job-type-32-40-ora-hetente"},"acf":[],"yoast_head":"<!-- This site is optimized with the Yoast SEO plugin v27.5 - https:\/\/yoast.com\/product\/yoast-seo-wordpress\/ -->\n<title>Tet\u0151s \u00e1cs - WE Bouwen<\/title>\n<meta name=\"description\" content=\"Tapasztalt tet\u0151s \u00e1cs Hollandi\u00e1ban: fel\u00faj\u00edt\u00e1s, (de)szerel\u00e9s, befejez\u0151 munk\u00e1k \u2013 er\u0151s, tart\u00f3s tet\u0151szerkezetek.\" \/>\n<meta name=\"robots\" content=\"index, follow, max-snippet:-1, max-image-preview:large, max-video-preview:-1\" \/>\n<link rel=\"canonical\" href=\"https:\/\/webouwen.com\/hu\/vacature\/tetos-acs\/\" \/>\n<meta property=\"og:locale\" content=\"hu_HU\" \/>\n<meta property=\"og:type\" content=\"article\" \/>\n<meta property=\"og:title\" content=\"Tet\u0151s \u00e1cs - WE Bouwen\" \/>\n<meta property=\"og:description\" content=\"Tapasztalt tet\u0151s \u00e1cs Hollandi\u00e1ban: fel\u00faj\u00edt\u00e1s, (de)szerel\u00e9s, befejez\u0151 munk\u00e1k \u2013 er\u0151s, tart\u00f3s tet\u0151szerkezetek.\" \/>\n<meta property=\"og:url\" content=\"https:\/\/webouwen.com\/hu\/vacature\/tetos-acs\/\" \/>\n<meta property=\"og:site_name\" content=\"WE Bouwen\" \/>\n<meta property=\"article:publisher\" content=\"https:\/\/www.facebook.com\/webouwensamenmetjou\" \/>\n<meta property=\"article:modified_time\" content=\"2025-10-06T11:03:53+00:00\" \/>\n<meta name=\"twitter:card\" content=\"summary_large_image\" \/>\n<meta name=\"twitter:label1\" content=\"Becs\u00fclt olvas\u00e1si id\u0151\" \/>\n\t<meta name=\"twitter:data1\" content=\"2 perc\" \/>\n<script type=\"application\/ld+json\" class=\"yoast-schema-graph\">{\"@context\":\"https:\\\/\\\/schema.org\",\"@graph\":[{\"@type\":\"WebPage\",\"@id\":\"https:\\\/\\\/webouwen.com\\\/hu\\\/vacature\\\/tetos-acs\\\/\",\"url\":\"https:\\\/\\\/webouwen.com\\\/hu\\\/vacature\\\/tetos-acs\\\/\",\"name\":\"Tet\u0151s \u00e1cs - WE Bouwen\",\"isPartOf\":{\"@id\":\"https:\\\/\\\/webouwen.com\\\/#website\"},\"datePublished\":\"2025-08-15T08:34:37+00:00\",\"dateModified\":\"2025-10-06T11:03:53+00:00\",\"description\":\"Tapasztalt tet\u0151s \u00e1cs Hollandi\u00e1ban: fel\u00faj\u00edt\u00e1s, (de)szerel\u00e9s, befejez\u0151 munk\u00e1k \u2013 er\u0151s, tart\u00f3s tet\u0151szerkezetek.\",\"breadcrumb\":{\"@id\":\"https:\\\/\\\/webouwen.com\\\/hu\\\/vacature\\\/tetos-acs\\\/#breadcrumb\"},\"inLanguage\":\"hu\",\"potentialAction\":[{\"@type\":\"ReadAction\",\"target\":[\"https:\\\/\\\/webouwen.com\\\/hu\\\/vacature\\\/tetos-acs\\\/\"]}]},{\"@type\":\"BreadcrumbList\",\"@id\":\"https:\\\/\\\/webouwen.com\\\/hu\\\/vacature\\\/tetos-acs\\\/#breadcrumb\",\"itemListElement\":[{\"@type\":\"ListItem\",\"position\":1,\"name\":\"Home\",\"item\":\"https:\\\/\\\/webouwen.com\\\/hu\\\/\"},{\"@type\":\"ListItem\",\"position\":2,\"name\":\"Tet\u0151s \u00e1cs\"}]},{\"@type\":\"WebSite\",\"@id\":\"https:\\\/\\\/webouwen.com\\\/#website\",\"url\":\"https:\\\/\\\/webouwen.com\\\/\",\"name\":\"WE Bouwen\",\"description\":\"Samen met jou\",\"publisher\":{\"@id\":\"https:\\\/\\\/webouwen.com\\\/#organization\"},\"potentialAction\":[{\"@type\":\"SearchAction\",\"target\":{\"@type\":\"EntryPoint\",\"urlTemplate\":\"https:\\\/\\\/webouwen.com\\\/?s={search_term_string}\"},\"query-input\":{\"@type\":\"PropertyValueSpecification\",\"valueRequired\":true,\"valueName\":\"search_term_string\"}}],\"inLanguage\":\"hu\"},{\"@type\":\"Organization\",\"@id\":\"https:\\\/\\\/webouwen.com\\\/#organization\",\"name\":\"WE Bouwen\",\"url\":\"https:\\\/\\\/webouwen.com\\\/\",\"logo\":{\"@type\":\"ImageObject\",\"inLanguage\":\"hu\",\"@id\":\"https:\\\/\\\/webouwen.com\\\/#\\\/schema\\\/logo\\\/image\\\/\",\"url\":\"https:\\\/\\\/webouwen.com\\\/wp-content\\\/uploads\\\/2022\\\/09\\\/logo-we-bouwen.png\",\"contentUrl\":\"https:\\\/\\\/webouwen.com\\\/wp-content\\\/uploads\\\/2022\\\/09\\\/logo-we-bouwen.png\",\"width\":1000,\"height\":376,\"caption\":\"WE Bouwen\"},\"image\":{\"@id\":\"https:\\\/\\\/webouwen.com\\\/#\\\/schema\\\/logo\\\/image\\\/\"},\"sameAs\":[\"https:\\\/\\\/www.facebook.com\\\/webouwensamenmetjou\",\"https:\\\/\\\/www.linkedin.com\\\/company\\\/we-bouwen\\\/\"]}]}<\/script>\n<!-- \/ Yoast SEO plugin. -->","yoast_head_json":{"title":"Tet\u0151s \u00e1cs - WE Bouwen","description":"Tapasztalt tet\u0151s \u00e1cs Hollandi\u00e1ban: fel\u00faj\u00edt\u00e1s, (de)szerel\u00e9s, befejez\u0151 munk\u00e1k \u2013 er\u0151s, tart\u00f3s tet\u0151szerkezetek.","robots":{"index":"index","follow":"follow","max-snippet":"max-snippet:-1","max-image-preview":"max-image-preview:large","max-video-preview":"max-video-preview:-1"},"canonical":"https:\/\/webouwen.com\/hu\/vacature\/tetos-acs\/","og_locale":"hu_HU","og_type":"article","og_title":"Tet\u0151s \u00e1cs - WE Bouwen","og_description":"Tapasztalt tet\u0151s \u00e1cs Hollandi\u00e1ban: fel\u00faj\u00edt\u00e1s, (de)szerel\u00e9s, befejez\u0151 munk\u00e1k \u2013 er\u0151s, tart\u00f3s tet\u0151szerkezetek.","og_url":"https:\/\/webouwen.com\/hu\/vacature\/tetos-acs\/","og_site_name":"WE Bouwen","article_publisher":"https:\/\/www.facebook.com\/webouwensamenmetjou","article_modified_time":"2025-10-06T11:03:53+00:00","twitter_card":"summary_large_image","twitter_misc":{"Becs\u00fclt olvas\u00e1si id\u0151":"2 perc"},"schema":{"@context":"https:\/\/schema.org","@graph":[{"@type":"WebPage","@id":"https:\/\/webouwen.com\/hu\/vacature\/tetos-acs\/","url":"https:\/\/webouwen.com\/hu\/vacature\/tetos-acs\/","name":"Tet\u0151s \u00e1cs - WE Bouwen","isPartOf":{"@id":"https:\/\/webouwen.com\/#website"},"datePublished":"2025-08-15T08:34:37+00:00","dateModified":"2025-10-06T11:03:53+00:00","description":"Tapasztalt tet\u0151s \u00e1cs Hollandi\u00e1ban: fel\u00faj\u00edt\u00e1s, (de)szerel\u00e9s, befejez\u0151 munk\u00e1k \u2013 er\u0151s, tart\u00f3s tet\u0151szerkezetek.","breadcrumb":{"@id":"https:\/\/webouwen.com\/hu\/vacature\/tetos-acs\/#breadcrumb"},"inLanguage":"hu","potentialAction":[{"@type":"ReadAction","target":["https:\/\/webouwen.com\/hu\/vacature\/tetos-acs\/"]}]},{"@type":"BreadcrumbList","@id":"https:\/\/webouwen.com\/hu\/vacature\/tetos-acs\/#breadcrumb","itemListElement":[{"@type":"ListItem","position":1,"name":"Home","item":"https:\/\/webouwen.com\/hu\/"},{"@type":"ListItem","position":2,"name":"Tet\u0151s \u00e1cs"}]},{"@type":"WebSite","@id":"https:\/\/webouwen.com\/#website","url":"https:\/\/webouwen.com\/","name":"WE Bouwen","description":"Samen met jou","publisher":{"@id":"https:\/\/webouwen.com\/#organization"},"potentialAction":[{"@type":"SearchAction","target":{"@type":"EntryPoint","urlTemplate":"https:\/\/webouwen.com\/?s={search_term_string}"},"query-input":{"@type":"PropertyValueSpecification","valueRequired":true,"valueName":"search_term_string"}}],"inLanguage":"hu"},{"@type":"Organization","@id":"https:\/\/webouwen.com\/#organization","name":"WE Bouwen","url":"https:\/\/webouwen.com\/","logo":{"@type":"ImageObject","inLanguage":"hu","@id":"https:\/\/webouwen.com\/#\/schema\/logo\/image\/","url":"https:\/\/webouwen.com\/wp-content\/uploads\/2022\/09\/logo-we-bouwen.png","contentUrl":"https:\/\/webouwen.com\/wp-content\/uploads\/2022\/09\/logo-we-bouwen.png","width":1000,"height":376,"caption":"WE Bouwen"},"image":{"@id":"https:\/\/webouwen.com\/#\/schema\/logo\/image\/"},"sameAs":["https:\/\/www.facebook.com\/webouwensamenmetjou","https:\/\/www.linkedin.com\/company\/we-bouwen\/"]}]}},"_links":{"self":[{"href":"https:\/\/webouwen.com\/hu\/wp-json\/wp\/v2\/job-listings\/4013","targetHints":{"allow":["GET"]}}],"collection":[{"href":"https:\/\/webouwen.com\/hu\/wp-json\/wp\/v2\/job-listings"}],"about":[{"href":"https:\/\/webouwen.com\/hu\/wp-json\/wp\/v2\/types\/job_listing"}],"author":[{"embeddable":true,"href":"https:\/\/webouwen.com\/hu\/wp-json\/wp\/v2\/users\/5"}],"wp:attachment":[{"href":"https:\/\/webouwen.com\/hu\/wp-json\/wp\/v2\/media?parent=4013"}],"wp:term":[{"taxonomy":"job_listing_type","embeddable":true,"href":"https:\/\/webouwen.com\/hu\/wp-json\/wp\/v2\/job-types?post=4013"}],"curies":[{"name":"wp","href":"https:\/\/api.w.org\/{rel}","templated":true}]}}