{"id":4015,"date":"2022-09-16T13:17:00","date_gmt":"2022-09-16T11:17:00","guid":{"rendered":"https:\/\/webouwen.com\/?post_type=job_listing&#038;p=4015"},"modified":"2026-03-25T11:05:44","modified_gmt":"2026-03-25T10:05:44","slug":"tetofedo","status":"publish","type":"job_listing","link":"https:\/\/webouwen.com\/hu\/vacature\/tetofedo\/","title":{"rendered":"Tet\u0151fed\u0151"},"content":{"rendered":"<p><strong>Tapasztalt tet\u0151fed\u0151 Hollandi\u00e1ban: lapostet\u0151, cser\u00e9ptet\u0151, pala, horganyzott tet\u0151, EPDM, bitumen, PVC, z\u00f6ldtet\u0151k. Ha tapasztalt tet\u0151fed\u0151 vagy, \u00e9s szeretn\u00e9l hozz\u00e1j\u00e1rulni Hollandia \u00e9p\u00edt\u00e9s\u00e9hez \u00e9s fenntarthat\u00f3s\u00e1g\u00e1hoz, n\u00e1lunk a helyed. K\u00fcl\u00f6nb\u00f6z\u0151 megb\u00edz\u00f3ink sz\u00e1m\u00e1ra keres\u00fcnk szakembereket, akik val\u00f3ban \u00e9rtenek a min\u0151s\u00e9gi tet\u0151fed\u00e9shez. Legyen sz\u00f3 lapostet\u0151r\u0151l, cser\u00e9ptet\u0151r\u0151l, pala- vagy horganyzott tet\u0151r\u0151l, sz\u00e1modra ez nem jelent gondot. EPDM, bitumen, PVC \u00e9s z\u00f6ldtet\u0151k ter\u00e9n szerzett tud\u00e1soddal minden projektben min\u0151s\u00e9get \u00e9s szak\u00e9rtelmet biztos\u00edtasz, mik\u00f6zben er\u0151s, tart\u00f3s tet\u0151szerkezetek l\u00e9trehoz\u00e1s\u00e1ban \u00e9s j\u00f6v\u0151\u00e1ll\u00f3 \u00e9p\u00edtm\u00e9nyek megval\u00f3s\u00edt\u00e1s\u00e1ban veszel r\u00e9szt.<\/strong><\/p>\n<p>Tet\u0151fed\u0151k\u00e9nt alapos ismeretekkel rendelkezel k\u00fcl\u00f6nf\u00e9le tet\u0151t\u00edpusokr\u00f3l, \u00e9s pontosan tudod, hogyan kell ezeket felhelyezni, lefektetni vagy telep\u00edteni. Ereszcsatorn\u00e1k, k\u00e9m\u00e9nyek, hull\u00e1mlemezek, tet\u0151lemezek \u00e9s horganyzott burkolatok \u2013 mindez sz\u00e1modra gyerekj\u00e1t\u00e9k a szerel\u00e9sben. Val\u00f3di k\u00e9tkezi szakember vagy, aki nem f\u00e9l tet\u0151t \u00e9getni, v\u00e1gni vagy sz\u00f6gelni. Magadra ismersz? Akkor ez a poz\u00edci\u00f3 neked sz\u00f3l.<strong><br \/>\n<\/strong><\/p>\n<h2>Mit fogsz csin\u00e1lni?<\/h2>\n<p>Ebben a munkak\u00f6rben egyar\u00e1nt r\u00e9szt veszel r\u00e9gebbi tet\u0151k karbantart\u00e1s\u00e1ban \u00e9s fel\u00faj\u00edt\u00e1s\u00e1ban, valamint \u00faj \u00e9p\u00edt\u00e9s\u0171 ingatlanok tet\u0151szerkezet\u00e9nek szerel\u00e9s\u00e9ben. Dolgozni fogsz cser\u00e9ptet\u0151kkel, palatet\u0151kkel, horganyzott tet\u0151kkel, z\u00f6ldtet\u0151kkel, bitumennel, EPDM-mel \u00e9s PVC-vel. A tet\u0151fed\u00e9s mellett a munkater\u00fcletre t\u00f6rt\u00e9n\u0151 anyagmozgat\u00e1sban is k\u00f6zrem\u0171k\u00f6dsz. Ezen k\u00edv\u00fcl egyeztetsz az \u00e9rintett felekkel, \u00e9s seg\u00edted az \u00faj munkat\u00e1rsak, gyakornokok \u00e9s\/vagy tanul\u00f3k betan\u00edt\u00e1s\u00e1t. A napelemek telep\u00edt\u00e9se \u00e9s a z\u00f6ldtet\u0151k ki\u00e9p\u00edt\u00e9se szint\u00e9n a feladataid k\u00f6z\u00e9 tartozik.<\/p>\n<h2>Ki vagy te<\/h2>\n<ul>\n<li>Tudod, hogyan kell nekil\u00e1tni a munk\u00e1nak, \u00e9s el\u0151ny, ha legal\u00e1bb 2 \u00e9v tapasztalatod van tet\u0151fed\u00e9sben.<\/li>\n<li>Kevesebb mint 2 \u00e9v tapasztalatod van? Ha motiv\u00e1lt vagy a tanul\u00e1sra \u00e9s kezdem\u00e9nyez\u0151k\u00e9szs\u00e9get mutatsz, sz\u00edvesen adunk lehet\u0151s\u00e9get neked.<\/li>\n<li>Ezen k\u00edv\u00fcl legal\u00e1bb az egyik nyelvet besz\u00e9led: angol, n\u00e9met, lengyel, rom\u00e1n, orosz vagy litv\u00e1n.<\/li>\n<li>V\u00e9g\u00fcl k\u00e9szen \u00e1llsz arra, hogy a munkahelyen betartsd a biztons\u00e1gi, higi\u00e9niai \u00e9s k\u00f6rnyezetv\u00e9delmi el\u0151\u00edr\u00e1sokat.<\/li>\n<\/ul>\n<h2>Mit k\u00edn\u00e1lunk<\/h2>\n<p>A j\u00f3 munkahelyi l\u00e9gk\u00f6r mellett a k\u00f6vetkez\u0151ket k\u00edn\u00e1ljuk sz\u00e1modra:<\/p>\n<ul>\n<li>V\u00e1ltozatos munka a tet\u0151fed\u00e9s ter\u00fclet\u00e9n.<\/li>\n<li>Kapcsolattart\u00f3, aki foly\u00e9konyan besz\u00e9li a nyelvedet.<\/li>\n<li>Heti nett\u00f3 500\u2013800 eur\u00f3 kereseti lehet\u0151s\u00e9g.<\/li>\n<li>Sz\u00e1ll\u00e1slehet\u0151s\u00e9g \u00e9s k\u00f6zleked\u00e9s biztos\u00edt\u00e1sa a lak\u00f3hely \u00e9s a munkahely k\u00f6z\u00f6tt.<\/li>\n<li>Megfelel\u0151 munkaruh\u00e1zat biztos\u00edt\u00e1sa.<\/li>\n<li>VCA tan\u00fas\u00edtv\u00e1ny megszerz\u00e9s\u00e9nek lehet\u0151s\u00e9ge (ha m\u00e9g nem rendelkezel vele).<\/li>\n<\/ul>\n<p><strong>\u00c9rdekl\u0151dik a poz\u00edci\u00f3 ir\u00e1nt? K\u00e9rj\u00fck, t\u00f6ltse ki az \u0171rlapot, vagy l\u00e9pjen k\u00f6zvetlen kapcsolatba toborz\u00f3nkkal: +31 6 83 34 54 34<\/strong><\/p>\n","protected":false},"author":4,"featured_media":0,"template":"","meta":{"_acf_changed":false,"_coblocks_attr":"","_coblocks_dimensions":"","_coblocks_responsive_height":"","_coblocks_accordion_ie_support":"","inline_featured_image":false,"_promoted":"","_job_location":"Hollandia","_application":"info@webouwen.com","_company_name":"","_company_website":"","_company_tagline":"","_company_twitter":"","_company_video":"","_filled":0,"_featured":0,"_remote_position":0,"_job_salary":"500 - 800","_job_salary_currency":"","_job_salary_unit":""},"job-types":[69],"class_list":{"0":"post-4015","1":"job_listing","2":"type-job_listing","3":"status-publish","4":"hentry","6":"job-type-32-40-ora-hetente"},"acf":[],"yoast_head":"<!-- This site is optimized with the Yoast SEO plugin v27.4 - https:\/\/yoast.com\/product\/yoast-seo-wordpress\/ -->\n<title>Tet\u0151fed\u0151 - WE Bouwen<\/title>\n<meta name=\"description\" content=\"Tapasztalt tet\u0151fed\u0151 Hollandi\u00e1ban: lapostet\u0151, cser\u00e9ptet\u0151, pala, horganyzott tet\u0151, EPDM, bitumen, PVC, z\u00f6ldtet\u0151k.\" \/>\n<meta name=\"robots\" content=\"index, follow, max-snippet:-1, max-image-preview:large, max-video-preview:-1\" \/>\n<link rel=\"canonical\" href=\"https:\/\/webouwen.com\/hu\/vacature\/tetofedo\/\" \/>\n<meta property=\"og:locale\" content=\"hu_HU\" \/>\n<meta property=\"og:type\" content=\"article\" \/>\n<meta property=\"og:title\" content=\"Tet\u0151fed\u0151 - WE Bouwen\" \/>\n<meta property=\"og:description\" content=\"Tapasztalt tet\u0151fed\u0151 Hollandi\u00e1ban: lapostet\u0151, cser\u00e9ptet\u0151, pala, horganyzott tet\u0151, EPDM, bitumen, PVC, z\u00f6ldtet\u0151k.\" \/>\n<meta property=\"og:url\" content=\"https:\/\/webouwen.com\/hu\/vacature\/tetofedo\/\" \/>\n<meta property=\"og:site_name\" content=\"WE Bouwen\" \/>\n<meta property=\"article:publisher\" content=\"https:\/\/www.facebook.com\/webouwensamenmetjou\" \/>\n<meta property=\"article:modified_time\" content=\"2026-03-25T10:05:44+00:00\" \/>\n<meta name=\"twitter:card\" content=\"summary_large_image\" \/>\n<meta name=\"twitter:label1\" content=\"Becs\u00fclt olvas\u00e1si id\u0151\" \/>\n\t<meta name=\"twitter:data1\" content=\"2 perc\" \/>\n<script type=\"application\/ld+json\" class=\"yoast-schema-graph\">{\"@context\":\"https:\\\/\\\/schema.org\",\"@graph\":[{\"@type\":\"WebPage\",\"@id\":\"https:\\\/\\\/webouwen.com\\\/hu\\\/vacature\\\/tetofedo\\\/\",\"url\":\"https:\\\/\\\/webouwen.com\\\/hu\\\/vacature\\\/tetofedo\\\/\",\"name\":\"Tet\u0151fed\u0151 - WE Bouwen\",\"isPartOf\":{\"@id\":\"https:\\\/\\\/webouwen.com\\\/#website\"},\"datePublished\":\"2022-09-16T11:17:00+00:00\",\"dateModified\":\"2026-03-25T10:05:44+00:00\",\"description\":\"Tapasztalt tet\u0151fed\u0151 Hollandi\u00e1ban: lapostet\u0151, cser\u00e9ptet\u0151, pala, horganyzott tet\u0151, EPDM, bitumen, PVC, z\u00f6ldtet\u0151k.\",\"breadcrumb\":{\"@id\":\"https:\\\/\\\/webouwen.com\\\/hu\\\/vacature\\\/tetofedo\\\/#breadcrumb\"},\"inLanguage\":\"hu\",\"potentialAction\":[{\"@type\":\"ReadAction\",\"target\":[\"https:\\\/\\\/webouwen.com\\\/hu\\\/vacature\\\/tetofedo\\\/\"]}]},{\"@type\":\"BreadcrumbList\",\"@id\":\"https:\\\/\\\/webouwen.com\\\/hu\\\/vacature\\\/tetofedo\\\/#breadcrumb\",\"itemListElement\":[{\"@type\":\"ListItem\",\"position\":1,\"name\":\"Home\",\"item\":\"https:\\\/\\\/webouwen.com\\\/hu\\\/\"},{\"@type\":\"ListItem\",\"position\":2,\"name\":\"Tet\u0151fed\u0151\"}]},{\"@type\":\"WebSite\",\"@id\":\"https:\\\/\\\/webouwen.com\\\/#website\",\"url\":\"https:\\\/\\\/webouwen.com\\\/\",\"name\":\"WE Bouwen\",\"description\":\"Samen met jou\",\"publisher\":{\"@id\":\"https:\\\/\\\/webouwen.com\\\/#organization\"},\"potentialAction\":[{\"@type\":\"SearchAction\",\"target\":{\"@type\":\"EntryPoint\",\"urlTemplate\":\"https:\\\/\\\/webouwen.com\\\/?s={search_term_string}\"},\"query-input\":{\"@type\":\"PropertyValueSpecification\",\"valueRequired\":true,\"valueName\":\"search_term_string\"}}],\"inLanguage\":\"hu\"},{\"@type\":\"Organization\",\"@id\":\"https:\\\/\\\/webouwen.com\\\/#organization\",\"name\":\"WE Bouwen\",\"url\":\"https:\\\/\\\/webouwen.com\\\/\",\"logo\":{\"@type\":\"ImageObject\",\"inLanguage\":\"hu\",\"@id\":\"https:\\\/\\\/webouwen.com\\\/#\\\/schema\\\/logo\\\/image\\\/\",\"url\":\"https:\\\/\\\/webouwen.com\\\/wp-content\\\/uploads\\\/2022\\\/09\\\/logo-we-bouwen.png\",\"contentUrl\":\"https:\\\/\\\/webouwen.com\\\/wp-content\\\/uploads\\\/2022\\\/09\\\/logo-we-bouwen.png\",\"width\":1000,\"height\":376,\"caption\":\"WE Bouwen\"},\"image\":{\"@id\":\"https:\\\/\\\/webouwen.com\\\/#\\\/schema\\\/logo\\\/image\\\/\"},\"sameAs\":[\"https:\\\/\\\/www.facebook.com\\\/webouwensamenmetjou\",\"https:\\\/\\\/www.linkedin.com\\\/company\\\/we-bouwen\\\/\"]}]}<\/script>\n<!-- \/ Yoast SEO plugin. -->","yoast_head_json":{"title":"Tet\u0151fed\u0151 - WE Bouwen","description":"Tapasztalt tet\u0151fed\u0151 Hollandi\u00e1ban: lapostet\u0151, cser\u00e9ptet\u0151, pala, horganyzott tet\u0151, EPDM, bitumen, PVC, z\u00f6ldtet\u0151k.","robots":{"index":"index","follow":"follow","max-snippet":"max-snippet:-1","max-image-preview":"max-image-preview:large","max-video-preview":"max-video-preview:-1"},"canonical":"https:\/\/webouwen.com\/hu\/vacature\/tetofedo\/","og_locale":"hu_HU","og_type":"article","og_title":"Tet\u0151fed\u0151 - WE Bouwen","og_description":"Tapasztalt tet\u0151fed\u0151 Hollandi\u00e1ban: lapostet\u0151, cser\u00e9ptet\u0151, pala, horganyzott tet\u0151, EPDM, bitumen, PVC, z\u00f6ldtet\u0151k.","og_url":"https:\/\/webouwen.com\/hu\/vacature\/tetofedo\/","og_site_name":"WE Bouwen","article_publisher":"https:\/\/www.facebook.com\/webouwensamenmetjou","article_modified_time":"2026-03-25T10:05:44+00:00","twitter_card":"summary_large_image","twitter_misc":{"Becs\u00fclt olvas\u00e1si id\u0151":"2 perc"},"schema":{"@context":"https:\/\/schema.org","@graph":[{"@type":"WebPage","@id":"https:\/\/webouwen.com\/hu\/vacature\/tetofedo\/","url":"https:\/\/webouwen.com\/hu\/vacature\/tetofedo\/","name":"Tet\u0151fed\u0151 - WE Bouwen","isPartOf":{"@id":"https:\/\/webouwen.com\/#website"},"datePublished":"2022-09-16T11:17:00+00:00","dateModified":"2026-03-25T10:05:44+00:00","description":"Tapasztalt tet\u0151fed\u0151 Hollandi\u00e1ban: lapostet\u0151, cser\u00e9ptet\u0151, pala, horganyzott tet\u0151, EPDM, bitumen, PVC, z\u00f6ldtet\u0151k.","breadcrumb":{"@id":"https:\/\/webouwen.com\/hu\/vacature\/tetofedo\/#breadcrumb"},"inLanguage":"hu","potentialAction":[{"@type":"ReadAction","target":["https:\/\/webouwen.com\/hu\/vacature\/tetofedo\/"]}]},{"@type":"BreadcrumbList","@id":"https:\/\/webouwen.com\/hu\/vacature\/tetofedo\/#breadcrumb","itemListElement":[{"@type":"ListItem","position":1,"name":"Home","item":"https:\/\/webouwen.com\/hu\/"},{"@type":"ListItem","position":2,"name":"Tet\u0151fed\u0151"}]},{"@type":"WebSite","@id":"https:\/\/webouwen.com\/#website","url":"https:\/\/webouwen.com\/","name":"WE Bouwen","description":"Samen met jou","publisher":{"@id":"https:\/\/webouwen.com\/#organization"},"potentialAction":[{"@type":"SearchAction","target":{"@type":"EntryPoint","urlTemplate":"https:\/\/webouwen.com\/?s={search_term_string}"},"query-input":{"@type":"PropertyValueSpecification","valueRequired":true,"valueName":"search_term_string"}}],"inLanguage":"hu"},{"@type":"Organization","@id":"https:\/\/webouwen.com\/#organization","name":"WE Bouwen","url":"https:\/\/webouwen.com\/","logo":{"@type":"ImageObject","inLanguage":"hu","@id":"https:\/\/webouwen.com\/#\/schema\/logo\/image\/","url":"https:\/\/webouwen.com\/wp-content\/uploads\/2022\/09\/logo-we-bouwen.png","contentUrl":"https:\/\/webouwen.com\/wp-content\/uploads\/2022\/09\/logo-we-bouwen.png","width":1000,"height":376,"caption":"WE Bouwen"},"image":{"@id":"https:\/\/webouwen.com\/#\/schema\/logo\/image\/"},"sameAs":["https:\/\/www.facebook.com\/webouwensamenmetjou","https:\/\/www.linkedin.com\/company\/we-bouwen\/"]}]}},"_links":{"self":[{"href":"https:\/\/webouwen.com\/hu\/wp-json\/wp\/v2\/job-listings\/4015","targetHints":{"allow":["GET"]}}],"collection":[{"href":"https:\/\/webouwen.com\/hu\/wp-json\/wp\/v2\/job-listings"}],"about":[{"href":"https:\/\/webouwen.com\/hu\/wp-json\/wp\/v2\/types\/job_listing"}],"author":[{"embeddable":true,"href":"https:\/\/webouwen.com\/hu\/wp-json\/wp\/v2\/users\/4"}],"wp:attachment":[{"href":"https:\/\/webouwen.com\/hu\/wp-json\/wp\/v2\/media?parent=4015"}],"wp:term":[{"taxonomy":"job_listing_type","embeddable":true,"href":"https:\/\/webouwen.com\/hu\/wp-json\/wp\/v2\/job-types?post=4015"}],"curies":[{"name":"wp","href":"https:\/\/api.w.org\/{rel}","templated":true}]}}