{"id":3669,"date":"2025-09-22T13:28:46","date_gmt":"2025-09-22T11:28:46","guid":{"rendered":"https:\/\/webouwen.com\/vacature\/dekarz-dachow-skosnych\/"},"modified":"2026-03-25T10:50:38","modified_gmt":"2026-03-25T09:50:38","slug":"dekarz-dachow-skosnych","status":"publish","type":"job_listing","link":"https:\/\/webouwen.com\/pl\/vacature\/dekarz-dachow-skosnych\/","title":{"rendered":"Dekarz dach\u00f3w sko\u015bnych"},"content":{"rendered":"<p data-start=\"99\" data-end=\"728\"><strong>Jeste\u015b do\u015bwiadczonym dekarzem dach\u00f3w sko\u015bnych i gotowy na nowe wyzwanie? Mamy dla Ciebie idealn\u0105 ofert\u0119 pracy w Holandii! Poszukujemy fachowc\u00f3w specjalizuj\u0105cych si\u0119 w dachach sko\u015bnych, kt\u00f3rzy b\u0119d\u0105 pracowa\u0107 przy r\u00f3\u017cnorodnych projektach \u2013 od nowego budownictwa, przez renowacje, a\u017c po konserwacj\u0119. Jako ekspert od dach\u00f3w z dach\u00f3wki zadbasz o to, aby dachy by\u0142y wykonane bezpiecznie, precyzyjnie i solidnie, tak aby mieszka\u0144cy oraz inwestorzy mogli przez wiele lat cieszy\u0107 si\u0119 niezawodnym dachem nad g\u0142ow\u0105. Dzi\u0119ki Twojemu do\u015bwiadczeniu i umiej\u0119tno\u015bciom b\u0119dziesz mie\u0107 realny wp\u0142yw na budow\u0119, modernizacj\u0119 oraz zr\u00f3wnowa\u017cony rozw\u00f3j w bran\u017cy budowlanej. <\/strong><\/p>\n<p data-start=\"730\" data-end=\"1304\">Jako do\u015bwiadczony dekarz dach\u00f3w sko\u015bnych wiesz, jak skutecznie \u0142\u0105czy\u0107 tradycyjne i nowoczesne techniki, aby ka\u017cde zlecenie zako\u0144czy\u0107 sukcesem. Uk\u0142adanie nowych dach\u00f3wek, naprawa uszkodzonych dach\u00f3w, a tak\u017ce monta\u017c izolacji i podkonstrukcji to zadania, kt\u00f3re realizujesz z najwy\u017csz\u0105 precyzj\u0105. Dzi\u0119ki Twojej wiedzy i do\u015bwiadczeniu dostarczasz us\u0142ugi dekarskie na najwy\u017cszym poziomie, spe\u0142niaj\u0105ce standardy trwa\u0142o\u015bci, energooszcz\u0119dno\u015bci i bezpiecze\u0144stwa. Ta praca dla dekarza w Holandii to nie tylko szansa na rozw\u00f3j zawodowy, ale tak\u017ce udzia\u0142 w r\u00f3\u017cnorodnych projektach zwi\u0105zanych z budow\u0105, renowacj\u0105 i modernizacj\u0105 dach\u00f3w sko\u015bnych. Ka\u017cdego dnia jako <strong data-start=\"819\" data-end=\"845\">dekarz <\/strong>dach\u00f3w sko\u015bnyc<strong data-start=\"819\" data-end=\"845\">h<\/strong> masz realny wp\u0142yw na przysz\u0142o\u015b\u0107 budownictwa mieszkaniowego oraz zr\u00f3wnowa\u017cony rozw\u00f3j w bran\u017cy budowlanej.<\/p>\n<h2 data-start=\"611\" data-end=\"747\">Co b\u0119dziesz robi\u0107?<\/h2>\n<ul>\n<li data-start=\"775\" data-end=\"869\">\n<p data-start=\"777\" data-end=\"869\">Uk\u0142adanie, konserwacja i renowacja dach\u00f3w z dach\u00f3wki<\/p>\n<\/li>\n<li data-start=\"870\" data-end=\"942\">\n<p data-start=\"872\" data-end=\"942\">Monta\u017c konstrukcji poddachowych, izolacji oraz warstw wodochronnych<\/p>\n<\/li>\n<li data-start=\"943\" data-end=\"1002\">\n<p data-start=\"945\" data-end=\"1002\">Monta\u017c rynien, komin\u00f3w oraz obr\u00f3bek blacharskich<\/p>\n<\/li>\n<li data-start=\"1003\" data-end=\"1074\">\n<p data-start=\"1005\" data-end=\"1074\">Wykonywanie prac naprawczych i renowacyjnych na dachach sko\u015bnych<\/p>\n<\/li>\n<li data-start=\"1075\" data-end=\"1149\">\n<p data-start=\"1077\" data-end=\"1149\">Dostarczanie materia\u0142\u00f3w oraz wsp\u00f3\u0142praca z kolegami na budowie<\/p>\n<\/li>\n<li data-start=\"1150\" data-end=\"1203\">\n<p data-start=\"1152\" data-end=\"1203\">Mo\u017cliwo\u015b\u0107 szkolenia i wspierania uczni\u00f3w dekarzy<\/p>\n<\/li>\n<\/ul>\n<h2>Kim jeste\u015b<\/h2>\n<ul>\n<li data-start=\"1229\" data-end=\"1296\">\n<p data-start=\"1231\" data-end=\"1296\">Preferowane jest minimum 2-letnie do\u015bwiadczenie jako dekarz dach\u00f3w sko\u015bnych.<\/p>\n<\/li>\n<li data-start=\"1297\" data-end=\"1386\">\n<p data-start=\"1299\" data-end=\"1386\">Mniejsze do\u015bwiadczenie? Nie ma problemu. Dzi\u0119ki motywacji i zaanga\u017cowaniu r\u00f3wnie\u017c u nas otrzymasz szans\u0119.<\/p>\n<\/li>\n<li data-start=\"1387\" data-end=\"1438\">\n<p data-start=\"1389\" data-end=\"1438\">Nie masz l\u0119ku wysoko\u015bci i lubisz pracowa\u0107 na \u015bwie\u017cym powietrzu<\/p>\n<\/li>\n<li data-start=\"1439\" data-end=\"1558\">\n<p data-start=\"1441\" data-end=\"1558\">M\u00f3wisz w co najmniej jednym z nast\u0119puj\u0105cych j\u0119zyk\u00f3w: niderlandzki, angielski, niemiecki, polski, rumu\u0144ski lub litewski.<\/p>\n<\/li>\n<li data-start=\"1559\" data-end=\"1657\">\n<p data-start=\"1561\" data-end=\"1657\">Jeste\u015b w dobrej kondycji fizycznej i gotowy do przestrzegania zasad bezpiecze\u0144stwa, higieny oraz ochrony \u015brodowiska.<\/p>\n<\/li>\n<\/ul>\n<h2>Co oferujemy<\/h2>\n<ul data-start=\"963\" data-end=\"1279\">\n<li data-start=\"963\" data-end=\"1016\">\n<p data-start=\"965\" data-end=\"1016\">R\u00f3\u017cnorodna i wymagaj\u0105ca praca przy ciekawych projektach.<\/p>\n<\/li>\n<li data-start=\"1017\" data-end=\"1071\">\n<p data-start=\"1019\" data-end=\"1071\">Osoba kontaktowa, kt\u00f3ra biegle m\u00f3wi w Twoim j\u0119zyku.<\/p>\n<\/li>\n<li data-start=\"1072\" data-end=\"1126\">\n<p data-start=\"1074\" data-end=\"1126\">Wynagrodzenie od 500 do 800 \u20ac netto tygodniowo.<\/p>\n<\/li>\n<li data-start=\"1127\" data-end=\"1183\">\n<p data-start=\"1129\" data-end=\"1183\">Zakwaterowanie i transport pomi\u0119dzy miejscem zamieszkania a miejscem pracy.<\/p>\n<\/li>\n<li data-start=\"1184\" data-end=\"1212\">\n<p data-start=\"1186\" data-end=\"1212\">Odpowiednia odzie\u017c robocza.<\/p>\n<\/li>\n<li data-start=\"1213\" data-end=\"1279\">\n<p data-start=\"1215\" data-end=\"1279\">Mo\u017cliwo\u015b\u0107 uzyskania certyfikatu VCA (je\u015bli jeszcze go nie posiadasz)<\/p>\n<\/li>\n<\/ul>\n","protected":false},"author":4,"featured_media":0,"template":"","meta":{"_acf_changed":false,"_coblocks_attr":"","_coblocks_dimensions":"","_coblocks_responsive_height":"","_coblocks_accordion_ie_support":"","inline_featured_image":false,"_promoted":"","_job_location":"Holandia","_application":"info@webouwen.com","_company_name":"","_company_website":"","_company_tagline":"","_company_twitter":"","_company_video":"","_filled":0,"_featured":0,"_remote_position":0,"_job_salary":"500 - 900","_job_salary_currency":"","_job_salary_unit":""},"job-types":[53],"class_list":{"0":"post-3669","1":"job_listing","2":"type-job_listing","3":"status-publish","4":"hentry","6":"job-type-32-40-godzin"},"acf":[],"yoast_head":"<!-- This site is optimized with the Yoast SEO plugin v27.5 - https:\/\/yoast.com\/product\/yoast-seo-wordpress\/ -->\n<title>Dekarz dach\u00f3w sko\u015bnych - WE Bouwen<\/title>\n<meta name=\"description\" content=\"Praca dla dekarz dach\u00f3w sko\u015bnych w Holandii! Monta\u017c, renowacja i konserwacja dach\u00f3w z dach\u00f3wki \u2013 stabilne zatrudnienie i pewny rozw\u00f3j.\" \/>\n<meta name=\"robots\" content=\"index, follow, max-snippet:-1, max-image-preview:large, max-video-preview:-1\" \/>\n<link rel=\"canonical\" href=\"https:\/\/webouwen.com\/pl\/vacature\/dekarz-dachow-skosnych\/\" \/>\n<meta property=\"og:locale\" content=\"pl_PL\" \/>\n<meta property=\"og:type\" content=\"article\" \/>\n<meta property=\"og:title\" content=\"Dekarz dach\u00f3w sko\u015bnych - WE Bouwen\" \/>\n<meta property=\"og:description\" content=\"Praca dla dekarz dach\u00f3w sko\u015bnych w Holandii! Monta\u017c, renowacja i konserwacja dach\u00f3w z dach\u00f3wki \u2013 stabilne zatrudnienie i pewny rozw\u00f3j.\" \/>\n<meta property=\"og:url\" content=\"https:\/\/webouwen.com\/pl\/vacature\/dekarz-dachow-skosnych\/\" \/>\n<meta property=\"og:site_name\" content=\"WE Bouwen\" \/>\n<meta property=\"article:publisher\" content=\"https:\/\/www.facebook.com\/webouwensamenmetjou\" \/>\n<meta property=\"article:modified_time\" content=\"2026-03-25T09:50:38+00:00\" \/>\n<meta name=\"twitter:card\" content=\"summary_large_image\" \/>\n<meta name=\"twitter:label1\" content=\"Szacowany czas czytania\" \/>\n\t<meta name=\"twitter:data1\" content=\"2 minuty\" \/>\n<script type=\"application\/ld+json\" class=\"yoast-schema-graph\">{\"@context\":\"https:\\\/\\\/schema.org\",\"@graph\":[{\"@type\":\"WebPage\",\"@id\":\"https:\\\/\\\/webouwen.com\\\/pl\\\/vacature\\\/dekarz-dachow-skosnych\\\/\",\"url\":\"https:\\\/\\\/webouwen.com\\\/pl\\\/vacature\\\/dekarz-dachow-skosnych\\\/\",\"name\":\"Dekarz dach\u00f3w sko\u015bnych - WE Bouwen\",\"isPartOf\":{\"@id\":\"https:\\\/\\\/webouwen.com\\\/#website\"},\"datePublished\":\"2025-09-22T11:28:46+00:00\",\"dateModified\":\"2026-03-25T09:50:38+00:00\",\"description\":\"Praca dla dekarz dach\u00f3w sko\u015bnych w Holandii! Monta\u017c, renowacja i konserwacja dach\u00f3w z dach\u00f3wki \u2013 stabilne zatrudnienie i pewny rozw\u00f3j.\",\"breadcrumb\":{\"@id\":\"https:\\\/\\\/webouwen.com\\\/pl\\\/vacature\\\/dekarz-dachow-skosnych\\\/#breadcrumb\"},\"inLanguage\":\"pl-PL\",\"potentialAction\":[{\"@type\":\"ReadAction\",\"target\":[\"https:\\\/\\\/webouwen.com\\\/pl\\\/vacature\\\/dekarz-dachow-skosnych\\\/\"]}]},{\"@type\":\"BreadcrumbList\",\"@id\":\"https:\\\/\\\/webouwen.com\\\/pl\\\/vacature\\\/dekarz-dachow-skosnych\\\/#breadcrumb\",\"itemListElement\":[{\"@type\":\"ListItem\",\"position\":1,\"name\":\"Home\",\"item\":\"https:\\\/\\\/webouwen.com\\\/pl\\\/\"},{\"@type\":\"ListItem\",\"position\":2,\"name\":\"Dekarz dach\u00f3w sko\u015bnych\"}]},{\"@type\":\"WebSite\",\"@id\":\"https:\\\/\\\/webouwen.com\\\/#website\",\"url\":\"https:\\\/\\\/webouwen.com\\\/\",\"name\":\"WE Bouwen\",\"description\":\"Samen met jou\",\"publisher\":{\"@id\":\"https:\\\/\\\/webouwen.com\\\/#organization\"},\"potentialAction\":[{\"@type\":\"SearchAction\",\"target\":{\"@type\":\"EntryPoint\",\"urlTemplate\":\"https:\\\/\\\/webouwen.com\\\/?s={search_term_string}\"},\"query-input\":{\"@type\":\"PropertyValueSpecification\",\"valueRequired\":true,\"valueName\":\"search_term_string\"}}],\"inLanguage\":\"pl-PL\"},{\"@type\":\"Organization\",\"@id\":\"https:\\\/\\\/webouwen.com\\\/#organization\",\"name\":\"WE Bouwen\",\"url\":\"https:\\\/\\\/webouwen.com\\\/\",\"logo\":{\"@type\":\"ImageObject\",\"inLanguage\":\"pl-PL\",\"@id\":\"https:\\\/\\\/webouwen.com\\\/#\\\/schema\\\/logo\\\/image\\\/\",\"url\":\"https:\\\/\\\/webouwen.com\\\/wp-content\\\/uploads\\\/2022\\\/09\\\/logo-we-bouwen.png\",\"contentUrl\":\"https:\\\/\\\/webouwen.com\\\/wp-content\\\/uploads\\\/2022\\\/09\\\/logo-we-bouwen.png\",\"width\":1000,\"height\":376,\"caption\":\"WE Bouwen\"},\"image\":{\"@id\":\"https:\\\/\\\/webouwen.com\\\/#\\\/schema\\\/logo\\\/image\\\/\"},\"sameAs\":[\"https:\\\/\\\/www.facebook.com\\\/webouwensamenmetjou\",\"https:\\\/\\\/www.linkedin.com\\\/company\\\/we-bouwen\\\/\"]}]}<\/script>\n<!-- \/ Yoast SEO plugin. -->","yoast_head_json":{"title":"Dekarz dach\u00f3w sko\u015bnych - WE Bouwen","description":"Praca dla dekarz dach\u00f3w sko\u015bnych w Holandii! Monta\u017c, renowacja i konserwacja dach\u00f3w z dach\u00f3wki \u2013 stabilne zatrudnienie i pewny rozw\u00f3j.","robots":{"index":"index","follow":"follow","max-snippet":"max-snippet:-1","max-image-preview":"max-image-preview:large","max-video-preview":"max-video-preview:-1"},"canonical":"https:\/\/webouwen.com\/pl\/vacature\/dekarz-dachow-skosnych\/","og_locale":"pl_PL","og_type":"article","og_title":"Dekarz dach\u00f3w sko\u015bnych - WE Bouwen","og_description":"Praca dla dekarz dach\u00f3w sko\u015bnych w Holandii! Monta\u017c, renowacja i konserwacja dach\u00f3w z dach\u00f3wki \u2013 stabilne zatrudnienie i pewny rozw\u00f3j.","og_url":"https:\/\/webouwen.com\/pl\/vacature\/dekarz-dachow-skosnych\/","og_site_name":"WE Bouwen","article_publisher":"https:\/\/www.facebook.com\/webouwensamenmetjou","article_modified_time":"2026-03-25T09:50:38+00:00","twitter_card":"summary_large_image","twitter_misc":{"Szacowany czas czytania":"2 minuty"},"schema":{"@context":"https:\/\/schema.org","@graph":[{"@type":"WebPage","@id":"https:\/\/webouwen.com\/pl\/vacature\/dekarz-dachow-skosnych\/","url":"https:\/\/webouwen.com\/pl\/vacature\/dekarz-dachow-skosnych\/","name":"Dekarz dach\u00f3w sko\u015bnych - WE Bouwen","isPartOf":{"@id":"https:\/\/webouwen.com\/#website"},"datePublished":"2025-09-22T11:28:46+00:00","dateModified":"2026-03-25T09:50:38+00:00","description":"Praca dla dekarz dach\u00f3w sko\u015bnych w Holandii! Monta\u017c, renowacja i konserwacja dach\u00f3w z dach\u00f3wki \u2013 stabilne zatrudnienie i pewny rozw\u00f3j.","breadcrumb":{"@id":"https:\/\/webouwen.com\/pl\/vacature\/dekarz-dachow-skosnych\/#breadcrumb"},"inLanguage":"pl-PL","potentialAction":[{"@type":"ReadAction","target":["https:\/\/webouwen.com\/pl\/vacature\/dekarz-dachow-skosnych\/"]}]},{"@type":"BreadcrumbList","@id":"https:\/\/webouwen.com\/pl\/vacature\/dekarz-dachow-skosnych\/#breadcrumb","itemListElement":[{"@type":"ListItem","position":1,"name":"Home","item":"https:\/\/webouwen.com\/pl\/"},{"@type":"ListItem","position":2,"name":"Dekarz dach\u00f3w sko\u015bnych"}]},{"@type":"WebSite","@id":"https:\/\/webouwen.com\/#website","url":"https:\/\/webouwen.com\/","name":"WE Bouwen","description":"Samen met jou","publisher":{"@id":"https:\/\/webouwen.com\/#organization"},"potentialAction":[{"@type":"SearchAction","target":{"@type":"EntryPoint","urlTemplate":"https:\/\/webouwen.com\/?s={search_term_string}"},"query-input":{"@type":"PropertyValueSpecification","valueRequired":true,"valueName":"search_term_string"}}],"inLanguage":"pl-PL"},{"@type":"Organization","@id":"https:\/\/webouwen.com\/#organization","name":"WE Bouwen","url":"https:\/\/webouwen.com\/","logo":{"@type":"ImageObject","inLanguage":"pl-PL","@id":"https:\/\/webouwen.com\/#\/schema\/logo\/image\/","url":"https:\/\/webouwen.com\/wp-content\/uploads\/2022\/09\/logo-we-bouwen.png","contentUrl":"https:\/\/webouwen.com\/wp-content\/uploads\/2022\/09\/logo-we-bouwen.png","width":1000,"height":376,"caption":"WE Bouwen"},"image":{"@id":"https:\/\/webouwen.com\/#\/schema\/logo\/image\/"},"sameAs":["https:\/\/www.facebook.com\/webouwensamenmetjou","https:\/\/www.linkedin.com\/company\/we-bouwen\/"]}]}},"_links":{"self":[{"href":"https:\/\/webouwen.com\/pl\/wp-json\/wp\/v2\/job-listings\/3669","targetHints":{"allow":["GET"]}}],"collection":[{"href":"https:\/\/webouwen.com\/pl\/wp-json\/wp\/v2\/job-listings"}],"about":[{"href":"https:\/\/webouwen.com\/pl\/wp-json\/wp\/v2\/types\/job_listing"}],"author":[{"embeddable":true,"href":"https:\/\/webouwen.com\/pl\/wp-json\/wp\/v2\/users\/4"}],"wp:attachment":[{"href":"https:\/\/webouwen.com\/pl\/wp-json\/wp\/v2\/media?parent=3669"}],"wp:term":[{"taxonomy":"job_listing_type","embeddable":true,"href":"https:\/\/webouwen.com\/pl\/wp-json\/wp\/v2\/job-types?post=3669"}],"curies":[{"name":"wp","href":"https:\/\/api.w.org\/{rel}","templated":true}]}}