{"id":3957,"date":"2025-08-15T10:34:37","date_gmt":"2025-08-15T08:34:37","guid":{"rendered":"https:\/\/webouwen.com\/vacature\/ciesla-dachowy\/"},"modified":"2025-10-02T15:31:27","modified_gmt":"2025-10-02T13:31:27","slug":"ciesla-dachowy","status":"publish","type":"job_listing","link":"https:\/\/webouwen.com\/pl\/vacature\/ciesla-dachowy\/","title":{"rendered":"Cie\u015bla dachowy"},"content":{"rendered":"<p data-start=\"148\" data-end=\"624\"><strong>Czy jeste\u015b do\u015bwiadczonym cie\u015bl\u0105 dachowym i gotowy na nowe wyzwanie w budownictwie? Poszukujemy cie\u015bli dachowych dla r\u00f3\u017cnych zleceniodawc\u00f3w, kt\u00f3rzy chc\u0105 wykorzysta\u0107 swoj\u0105 wiedz\u0119 i do\u015bwiadczenie przy r\u00f3\u017cnorodnych projektach dachowych. Od renowacji poprzez pe\u0142ny demonta\u017c, monta\u017c i wyko\u0144czenie dach\u00f3w wiesz jak zapewni\u0107 najwy\u017csz\u0105 jako\u015b\u0107. Dzi\u0119ki swojej wiedzy i do\u015bwiadczeniu jako cie\u015bla dachowy tworzysz solidne i trwa\u0142e dachy oraz przyczyniasz si\u0119 do powstawania bezpiecznych i nowoczesnych konstrukcji.<\/strong><\/p>\n<p data-start=\"626\" data-end=\"1245\">Jako cie\u015bla dachowy jeste\u015b samodzielny, dok\u0142adny i masz oko do szczeg\u00f3\u0142\u00f3w. Potrafisz pracowa\u0107 na podstawie rysunk\u00f3w technicznych, masz do\u015bwiadczenie w projektach renowacyjnych i jeste\u015b got\u00f3w prowadzi\u0107 pe\u0142ne procesy \u2013 od demonta\u017cu po monta\u017c i wyko\u0144czenie. Ch\u0119tnie wsp\u00f3\u0142pracujesz z kolegami na budowie, dobrze komunikujesz si\u0119 po niderlandzku lub angielsku i bierzesz odpowiedzialno\u015b\u0107 za wysok\u0105 jako\u015b\u0107 oraz trwa\u0142o\u015b\u0107 wykonywanej pracy. Szukasz urozmaiconej pracy jako cie\u015bla dachowy, w kt\u00f3rej mo\u017cesz wykorzysta\u0107 swoje rzemios\u0142o i dalej budowa\u0107 swoj\u0105 przysz\u0142o\u015b\u0107? W takim razie ta oferta jest w\u0142a\u015bnie dla Ciebie.<\/p>\n<h3 data-start=\"626\" data-end=\"1245\">Co b\u0119dziesz robi\u0107?<\/h3>\n<p>Jako cie\u015bla dachowy pracujesz samodzielnie przy r\u00f3\u017cnych projektach dachowych. Odpowiadasz za (de)monta\u017c, instalacj\u0119 i wyko\u0144czenie kompletnych konstrukcji dachowych oraz wykonujesz swoje prace dok\u0142adnie na podstawie rysunk\u00f3w technicznych. Dzi\u0119ki swojemu do\u015bwiadczeniu w renowacjach, dba\u0142o\u015bci o szczeg\u00f3\u0142y i umiej\u0119tno\u015bciom komunikacyjnym w j\u0119zyku niderlandzkim lub angielskim dostarczasz wysokiej jako\u015bci i trwa\u0142e rzemios\u0142o oraz dbasz o bezpieczn\u0105 i efektywn\u0105 realizacj\u0119 ka\u017cdego projektu, wsp\u00f3\u0142pracuj\u0105c z innymi fachowcami i dalej buduj\u0105c swoj\u0105 przysz\u0142o\u015b\u0107 w bran\u017cy budowlanej.<\/p>\n<h3>Kim jeste\u015b<\/h3>\n<ul>\n<li data-start=\"93\" data-end=\"216\">\n<p data-start=\"95\" data-end=\"216\">Lubisz pracowa\u0107 samodzielnie i potrafisz dzia\u0142a\u0107 z zaanga\u017cowaniem, maj\u0105c najlepiej do\u015bwiadczenie jako cie\u015bla dachowy lub dekarz w Holandii.<\/p>\n<\/li>\n<li data-start=\"93\" data-end=\"216\">Mniejsze do\u015bwiadczenie? \u017baden problem. Je\u015bli jeste\u015b zmotywowany i ch\u0119tny do nauki, u nas otrzymasz szans\u0119 na dalszy rozw\u00f3j.<\/li>\n<li data-start=\"93\" data-end=\"216\">Potrafisz dobrze pracowa\u0107 na podstawie rysunk\u00f3w technicznych i masz najlepiej do\u015bwiadczenie przy renowacjach oraz pe\u0142nych projektach (demonta\u017c, monta\u017c i wyko\u0144czenie).<\/li>\n<li data-start=\"93\" data-end=\"216\">M\u00f3wisz po niderlandzku lub angielsku.<\/li>\n<li data-start=\"93\" data-end=\"216\">Posiadasz prawo jazdy kat. B (najlepiej z w\u0142asnym transportem).<\/li>\n<li data-start=\"93\" data-end=\"216\">Jeste\u015b got\u00f3w \u015bci\u015ble przestrzega\u0107 zasad bezpiecze\u0144stwa, higieny i ochrony \u015brodowiska w miejscu pracy.<\/li>\n<\/ul>\n<h3>Oferujemy<\/h3>\n<p>Opr\u00f3cz dobrej atmosfery w pracy oferujemy Ci nast\u0119puj\u0105ce:<\/p>\n<ul>\n<li data-start=\"189\" data-end=\"302\">\n<p data-start=\"191\" data-end=\"302\">Urozmaicona i wymagaj\u0105ca praca przy ciekawych projektach dachowych w kompaktowym regionie, dzi\u0119ki czemu nie musisz daleko doje\u017cd\u017ca\u0107.<\/p>\n<\/li>\n<li data-start=\"189\" data-end=\"302\">Sta\u0142y opiekun, kt\u00f3ry m\u00f3wi w Twoim j\u0119zyku i wspiera Ci\u0119 podczas ca\u0142ego procesu pracy.<\/li>\n<li data-start=\"189\" data-end=\"302\">Cotygodniowe wyp\u0142aty z atrakcyjnym wynagrodzeniem odpowiadaj\u0105cym Twojemu do\u015bwiadczeniu i umiej\u0119tno\u015bciom.<\/li>\n<li data-start=\"189\" data-end=\"302\">D\u0142ugoterminowa wsp\u00f3\u0142praca z mo\u017cliwo\u015bci\u0105 rozwoju zawodowego, r\u00f3wnie\u017c dla samozatrudnionych przy spe\u0142nieniu warunk\u00f3w.<\/li>\n<li data-start=\"189\" data-end=\"302\">Zakwaterowanie i transport pomi\u0119dzy miejscem zamieszkania a miejscem pracy<\/li>\n<li data-start=\"189\" data-end=\"302\">Odpowiedni str\u00f3j roboczy.<\/li>\n<li data-start=\"189\" data-end=\"302\">Mo\u017cliwo\u015b\u0107 zdobycia certyfikatu VCA (je\u015bli jeszcze go nie posiadasz)<\/li>\n<\/ul>\n","protected":false},"author":5,"featured_media":0,"template":"","meta":{"_acf_changed":false,"_coblocks_attr":"","_coblocks_dimensions":"","_coblocks_responsive_height":"","_coblocks_accordion_ie_support":"","inline_featured_image":false,"_promoted":"","_job_location":"Holandia","_application":"info@webouwen.com","_company_name":"","_company_website":"","_company_tagline":"","_company_twitter":"","_company_video":"","_filled":0,"_featured":0,"_remote_position":0,"_job_salary":"500 - 800","_job_salary_currency":"","_job_salary_unit":""},"job-types":[53],"class_list":{"0":"post-3957","1":"job_listing","2":"type-job_listing","3":"status-publish","4":"hentry","6":"job-type-32-40-godzin"},"acf":[],"yoast_head":"<!-- This site is optimized with the Yoast SEO plugin v27.5 - https:\/\/yoast.com\/product\/yoast-seo-wordpress\/ -->\n<title>Cie\u015bla dachowy - WE Bouwen<\/title>\n<meta name=\"description\" content=\"Cie\u015bla dachowy do\u015bwiadczony potrzebny do projekt\u00f3w dachowych. Renowacje, monta\u017c i wyko\u0144czenie dach\u00f3w. Buduj solidne i bezpieczne konstrukcje.\" \/>\n<meta name=\"robots\" content=\"index, follow, max-snippet:-1, max-image-preview:large, max-video-preview:-1\" \/>\n<link rel=\"canonical\" href=\"https:\/\/webouwen.com\/pl\/vacature\/ciesla-dachowy\/\" \/>\n<meta property=\"og:locale\" content=\"pl_PL\" \/>\n<meta property=\"og:type\" content=\"article\" \/>\n<meta property=\"og:title\" content=\"Cie\u015bla dachowy - WE Bouwen\" \/>\n<meta property=\"og:description\" content=\"Cie\u015bla dachowy do\u015bwiadczony potrzebny do projekt\u00f3w dachowych. Renowacje, monta\u017c i wyko\u0144czenie dach\u00f3w. Buduj solidne i bezpieczne konstrukcje.\" \/>\n<meta property=\"og:url\" content=\"https:\/\/webouwen.com\/pl\/vacature\/ciesla-dachowy\/\" \/>\n<meta property=\"og:site_name\" content=\"WE Bouwen\" \/>\n<meta property=\"article:publisher\" content=\"https:\/\/www.facebook.com\/webouwensamenmetjou\" \/>\n<meta property=\"article:modified_time\" content=\"2025-10-02T13:31:27+00:00\" \/>\n<meta name=\"twitter:card\" content=\"summary_large_image\" \/>\n<meta name=\"twitter:label1\" content=\"Szacowany czas czytania\" \/>\n\t<meta name=\"twitter:data1\" content=\"2 minuty\" \/>\n<script type=\"application\/ld+json\" class=\"yoast-schema-graph\">{\"@context\":\"https:\\\/\\\/schema.org\",\"@graph\":[{\"@type\":\"WebPage\",\"@id\":\"https:\\\/\\\/webouwen.com\\\/pl\\\/vacature\\\/ciesla-dachowy\\\/\",\"url\":\"https:\\\/\\\/webouwen.com\\\/pl\\\/vacature\\\/ciesla-dachowy\\\/\",\"name\":\"Cie\u015bla dachowy - WE Bouwen\",\"isPartOf\":{\"@id\":\"https:\\\/\\\/webouwen.com\\\/#website\"},\"datePublished\":\"2025-08-15T08:34:37+00:00\",\"dateModified\":\"2025-10-02T13:31:27+00:00\",\"description\":\"Cie\u015bla dachowy do\u015bwiadczony potrzebny do projekt\u00f3w dachowych. Renowacje, monta\u017c i wyko\u0144czenie dach\u00f3w. Buduj solidne i bezpieczne konstrukcje.\",\"breadcrumb\":{\"@id\":\"https:\\\/\\\/webouwen.com\\\/pl\\\/vacature\\\/ciesla-dachowy\\\/#breadcrumb\"},\"inLanguage\":\"pl-PL\",\"potentialAction\":[{\"@type\":\"ReadAction\",\"target\":[\"https:\\\/\\\/webouwen.com\\\/pl\\\/vacature\\\/ciesla-dachowy\\\/\"]}]},{\"@type\":\"BreadcrumbList\",\"@id\":\"https:\\\/\\\/webouwen.com\\\/pl\\\/vacature\\\/ciesla-dachowy\\\/#breadcrumb\",\"itemListElement\":[{\"@type\":\"ListItem\",\"position\":1,\"name\":\"Home\",\"item\":\"https:\\\/\\\/webouwen.com\\\/pl\\\/\"},{\"@type\":\"ListItem\",\"position\":2,\"name\":\"Cie\u015bla dachowy\"}]},{\"@type\":\"WebSite\",\"@id\":\"https:\\\/\\\/webouwen.com\\\/#website\",\"url\":\"https:\\\/\\\/webouwen.com\\\/\",\"name\":\"WE Bouwen\",\"description\":\"Samen met jou\",\"publisher\":{\"@id\":\"https:\\\/\\\/webouwen.com\\\/#organization\"},\"potentialAction\":[{\"@type\":\"SearchAction\",\"target\":{\"@type\":\"EntryPoint\",\"urlTemplate\":\"https:\\\/\\\/webouwen.com\\\/?s={search_term_string}\"},\"query-input\":{\"@type\":\"PropertyValueSpecification\",\"valueRequired\":true,\"valueName\":\"search_term_string\"}}],\"inLanguage\":\"pl-PL\"},{\"@type\":\"Organization\",\"@id\":\"https:\\\/\\\/webouwen.com\\\/#organization\",\"name\":\"WE Bouwen\",\"url\":\"https:\\\/\\\/webouwen.com\\\/\",\"logo\":{\"@type\":\"ImageObject\",\"inLanguage\":\"pl-PL\",\"@id\":\"https:\\\/\\\/webouwen.com\\\/#\\\/schema\\\/logo\\\/image\\\/\",\"url\":\"https:\\\/\\\/webouwen.com\\\/wp-content\\\/uploads\\\/2022\\\/09\\\/logo-we-bouwen.png\",\"contentUrl\":\"https:\\\/\\\/webouwen.com\\\/wp-content\\\/uploads\\\/2022\\\/09\\\/logo-we-bouwen.png\",\"width\":1000,\"height\":376,\"caption\":\"WE Bouwen\"},\"image\":{\"@id\":\"https:\\\/\\\/webouwen.com\\\/#\\\/schema\\\/logo\\\/image\\\/\"},\"sameAs\":[\"https:\\\/\\\/www.facebook.com\\\/webouwensamenmetjou\",\"https:\\\/\\\/www.linkedin.com\\\/company\\\/we-bouwen\\\/\"]}]}<\/script>\n<!-- \/ Yoast SEO plugin. -->","yoast_head_json":{"title":"Cie\u015bla dachowy - WE Bouwen","description":"Cie\u015bla dachowy do\u015bwiadczony potrzebny do projekt\u00f3w dachowych. Renowacje, monta\u017c i wyko\u0144czenie dach\u00f3w. Buduj solidne i bezpieczne konstrukcje.","robots":{"index":"index","follow":"follow","max-snippet":"max-snippet:-1","max-image-preview":"max-image-preview:large","max-video-preview":"max-video-preview:-1"},"canonical":"https:\/\/webouwen.com\/pl\/vacature\/ciesla-dachowy\/","og_locale":"pl_PL","og_type":"article","og_title":"Cie\u015bla dachowy - WE Bouwen","og_description":"Cie\u015bla dachowy do\u015bwiadczony potrzebny do projekt\u00f3w dachowych. Renowacje, monta\u017c i wyko\u0144czenie dach\u00f3w. Buduj solidne i bezpieczne konstrukcje.","og_url":"https:\/\/webouwen.com\/pl\/vacature\/ciesla-dachowy\/","og_site_name":"WE Bouwen","article_publisher":"https:\/\/www.facebook.com\/webouwensamenmetjou","article_modified_time":"2025-10-02T13:31:27+00:00","twitter_card":"summary_large_image","twitter_misc":{"Szacowany czas czytania":"2 minuty"},"schema":{"@context":"https:\/\/schema.org","@graph":[{"@type":"WebPage","@id":"https:\/\/webouwen.com\/pl\/vacature\/ciesla-dachowy\/","url":"https:\/\/webouwen.com\/pl\/vacature\/ciesla-dachowy\/","name":"Cie\u015bla dachowy - WE Bouwen","isPartOf":{"@id":"https:\/\/webouwen.com\/#website"},"datePublished":"2025-08-15T08:34:37+00:00","dateModified":"2025-10-02T13:31:27+00:00","description":"Cie\u015bla dachowy do\u015bwiadczony potrzebny do projekt\u00f3w dachowych. Renowacje, monta\u017c i wyko\u0144czenie dach\u00f3w. Buduj solidne i bezpieczne konstrukcje.","breadcrumb":{"@id":"https:\/\/webouwen.com\/pl\/vacature\/ciesla-dachowy\/#breadcrumb"},"inLanguage":"pl-PL","potentialAction":[{"@type":"ReadAction","target":["https:\/\/webouwen.com\/pl\/vacature\/ciesla-dachowy\/"]}]},{"@type":"BreadcrumbList","@id":"https:\/\/webouwen.com\/pl\/vacature\/ciesla-dachowy\/#breadcrumb","itemListElement":[{"@type":"ListItem","position":1,"name":"Home","item":"https:\/\/webouwen.com\/pl\/"},{"@type":"ListItem","position":2,"name":"Cie\u015bla dachowy"}]},{"@type":"WebSite","@id":"https:\/\/webouwen.com\/#website","url":"https:\/\/webouwen.com\/","name":"WE Bouwen","description":"Samen met jou","publisher":{"@id":"https:\/\/webouwen.com\/#organization"},"potentialAction":[{"@type":"SearchAction","target":{"@type":"EntryPoint","urlTemplate":"https:\/\/webouwen.com\/?s={search_term_string}"},"query-input":{"@type":"PropertyValueSpecification","valueRequired":true,"valueName":"search_term_string"}}],"inLanguage":"pl-PL"},{"@type":"Organization","@id":"https:\/\/webouwen.com\/#organization","name":"WE Bouwen","url":"https:\/\/webouwen.com\/","logo":{"@type":"ImageObject","inLanguage":"pl-PL","@id":"https:\/\/webouwen.com\/#\/schema\/logo\/image\/","url":"https:\/\/webouwen.com\/wp-content\/uploads\/2022\/09\/logo-we-bouwen.png","contentUrl":"https:\/\/webouwen.com\/wp-content\/uploads\/2022\/09\/logo-we-bouwen.png","width":1000,"height":376,"caption":"WE Bouwen"},"image":{"@id":"https:\/\/webouwen.com\/#\/schema\/logo\/image\/"},"sameAs":["https:\/\/www.facebook.com\/webouwensamenmetjou","https:\/\/www.linkedin.com\/company\/we-bouwen\/"]}]}},"_links":{"self":[{"href":"https:\/\/webouwen.com\/pl\/wp-json\/wp\/v2\/job-listings\/3957","targetHints":{"allow":["GET"]}}],"collection":[{"href":"https:\/\/webouwen.com\/pl\/wp-json\/wp\/v2\/job-listings"}],"about":[{"href":"https:\/\/webouwen.com\/pl\/wp-json\/wp\/v2\/types\/job_listing"}],"author":[{"embeddable":true,"href":"https:\/\/webouwen.com\/pl\/wp-json\/wp\/v2\/users\/5"}],"wp:attachment":[{"href":"https:\/\/webouwen.com\/pl\/wp-json\/wp\/v2\/media?parent=3957"}],"wp:term":[{"taxonomy":"job_listing_type","embeddable":true,"href":"https:\/\/webouwen.com\/pl\/wp-json\/wp\/v2\/job-types?post=3957"}],"curies":[{"name":"wp","href":"https:\/\/api.w.org\/{rel}","templated":true}]}}