{"id":7324,"date":"2025-09-22T13:28:46","date_gmt":"2025-09-22T11:28:46","guid":{"rendered":"https:\/\/webouwen.com\/vacature\/strechar-sikmych-striech\/"},"modified":"2026-04-30T10:13:44","modified_gmt":"2026-04-30T08:13:44","slug":"strechar-sikmych-striech","status":"publish","type":"job_listing","link":"https:\/\/webouwen.com\/sk\/vacature\/strechar-sikmych-striech\/","title":{"rendered":"Strech\u00e1r \u0161ikm\u00fdch striech"},"content":{"rendered":"<p data-start=\"99\" data-end=\"728\"><strong>Si sk\u00fasen\u00fd strech\u00e1r \u0161ikm\u00fdch striech a pripraven\u00fd na nov\u00fa v\u00fdzvu? Potom m\u00e1me pre teba ide\u00e1lnu pracovn\u00fa ponuku! Pre r\u00f4znych partnerov v Holandsku h\u013ead\u00e1me odborn\u00edkov \u0161pecializovan\u00fdch na pr\u00e1cu na \u0161ikm\u00fdch strech\u00e1ch. Ako expert na strechy s krytinou z ta\u0161iek bude\u0161 pracova\u0165 na r\u00f4znych projektoch, od novostavieb a\u017e po rekon\u0161trukcie a \u00fadr\u017ebu. Postar\u00e1\u0161 sa o to, aby boli strechy bezpe\u010dn\u00e9, odoln\u00e9 a prec\u00edzne dokon\u010den\u00e9, tak\u017ee sa na ne m\u00f4\u017eu obyvatelia aj investori dlhodobo spo\u013eahn\u00fa\u0165. Svojou pr\u00e1cou priamo prispieva\u0161 k v\u00fdstavbe, rekon\u0161trukcii a moderniz\u00e1cii budov.     <\/strong><\/p>\n<p data-start=\"730\" data-end=\"1304\">Ako strech\u00e1r \u0161ikm\u00fdch striech vie\u0161, ako pou\u017e\u00edva\u0165 tradi\u010dn\u00e9 aj modern\u00e9 techniky pokr\u00fdvania striech, aby bola ka\u017ed\u00e1 z\u00e1kazka \u00faspe\u0161n\u00e1. \u010ci u\u017e ide o pokl\u00e1dku nov\u00fdch stre\u0161n\u00fdch ta\u0161iek, opravu po\u0161koden\u00fdch striech alebo realiz\u00e1ciu izol\u00e1cie a podstre\u0161n\u00fdch kon\u0161trukci\u00ed, zvl\u00e1dne\u0161 to bez probl\u00e9mov. V\u010faka svojim znalostiam a sk\u00fasenostiam dod\u00e1va\u0161 kvalitn\u00fa pr\u00e1cu, ktor\u00e1 sp\u013a\u0148a vysok\u00e9 po\u017eiadavky na odolnos\u0165, energetick\u00fa efekt\u00edvnos\u0165 a bezpe\u010dnos\u0165. Ka\u017ed\u00fd de\u0148 tak prispieva\u0161 k bud\u00facnosti b\u00fdvania a stre\u0161n\u00fdch projektov v Holandsku.   <\/p>\n<h2 data-start=\"611\" data-end=\"747\">\u010co bude\u0161 robi\u0165<\/h2>\n<p data-start=\"777\" data-end=\"869\">Bude\u0161 sa venova\u0165 pokl\u00e1dke, \u00fadr\u017ebe a rekon\u0161trukcii stre\u0161n\u00fdch kryt\u00edn z ta\u0161iek a zabezpe\u010d\u00ed\u0161 pevn\u00fa a vodotesn\u00fa realiz\u00e1ciu vr\u00e1tane podstre\u0161n\u00fdch kon\u0161trukci\u00ed, izol\u00e1cie a hydroizola\u010dn\u00fdch vrstiev. Okrem toho bude\u0161 montova\u0165 odkvapy, kom\u00edny a klampiarske prvky zo zinku a vykon\u00e1va\u0165 opravy a rekon\u0161truk\u010dn\u00e9 pr\u00e1ce na \u0161ikm\u00fdch strech\u00e1ch. Spolu s kolegami zabezpe\u010d\u00ed\u0161, aby bol materi\u00e1l na spr\u00e1vnom mieste a aby pr\u00e1ca prebiehala plynulo a bezpe\u010dne.  <\/p>\n<h2>Kto si ty<\/h2>\n<ul>\n<li data-start=\"1229\" data-end=\"1296\">\n<p data-start=\"1231\" data-end=\"1296\">Ide\u00e1lne m\u00e1\u0161 aspo\u0148 2 roky sk\u00fasenost\u00ed ako strech\u00e1r \u0161ikm\u00fdch striech.<\/p>\n<\/li>\n<li data-start=\"1297\" data-end=\"1386\">\n<p data-start=\"1299\" data-end=\"1386\">M\u00e1\u0161 menej sk\u00fasenost\u00ed? Nevad\u00ed, s motiv\u00e1ciou a chu\u0165ou pracova\u0165 dostane\u0161 u n\u00e1s pr\u00edle\u017eitos\u0165. <\/p>\n<\/li>\n<li data-start=\"1387\" data-end=\"1438\">\n<p data-start=\"1389\" data-end=\"1438\">Nem\u00e1\u0161 strach z v\u00fd\u0161ok a r\u00e1d pracuje\u0161 vonku.<\/p>\n<\/li>\n<li data-start=\"1439\" data-end=\"1558\">\n<p data-start=\"1441\" data-end=\"1558\">Hovor\u00ed\u0161 po anglicky alebo holandsky.<\/p>\n<\/li>\n<li data-start=\"1559\" data-end=\"1657\">\n<p data-start=\"1561\" data-end=\"1657\">Si fyzicky zdatn\u00fd a pripraven\u00fd dodr\u017eiava\u0165 bezpe\u010dnostn\u00e9, hygienick\u00e9 a environment\u00e1lne predpisy.<\/p>\n<\/li>\n<\/ul>\n<h2>\u010co ti pon\u00fakame<\/h2>\n<ul data-start=\"963\" data-end=\"1279\">\n<li data-start=\"963\" data-end=\"1016\">\n<p data-start=\"965\" data-end=\"1016\">R\u00f4znorod\u00fa a zauj\u00edmav\u00fa pr\u00e1cu na kvalitn\u00fdch projektoch.<\/p>\n<\/li>\n<li data-start=\"1017\" data-end=\"1071\">\n<p data-start=\"1019\" data-end=\"1071\">Kontaktn\u00fa osobu, ktor\u00e1 plynule hovor\u00ed tvoj\u00edm jazykom.<\/p>\n<\/li>\n<li data-start=\"1072\" data-end=\"1126\">\n<p data-start=\"1074\" data-end=\"1126\">Dlhodob\u00fa spolupr\u00e1cu s t\u00fd\u017edenn\u00fdmi v\u00fdplatami, aby si mal istotu pravideln\u00e9ho pr\u00edjmu.<\/p>\n<\/li>\n<li data-start=\"1127\" data-end=\"1183\">\n<p data-start=\"1129\" data-end=\"1183\">Ubytovanie a dopravu medzi miestom b\u00fdvania a pracoviskom.<\/p>\n<\/li>\n<li data-start=\"1184\" data-end=\"1212\">\n<p data-start=\"1186\" data-end=\"1212\">Een passende werkoutfit.<\/p>\n<\/li>\n<li data-start=\"1213\" data-end=\"1279\">\n<p data-start=\"1215\" data-end=\"1279\">Mo\u017enos\u0165 z\u00edska\u0165 certifik\u00e1t VCA, ak ho e\u0161te nem\u00e1\u0161.<\/p>\n<\/li>\n<\/ul>\n","protected":false},"author":4,"featured_media":0,"template":"","meta":{"_acf_changed":false,"_coblocks_attr":"","_coblocks_dimensions":"","_coblocks_responsive_height":"","_coblocks_accordion_ie_support":"","inline_featured_image":false,"_promoted":"","_job_location":"Holandsko","_application":"info@webouwen.com","_company_name":"","_company_website":"","_company_tagline":"","_company_twitter":"","_company_video":"","_filled":0,"_featured":0,"_remote_position":0,"_job_salary":"550 - 850","_job_salary_currency":"","_job_salary_unit":""},"job-types":[109],"class_list":{"0":"post-7324","1":"job_listing","2":"type-job_listing","3":"status-publish","4":"hentry","6":"job-type-32-az-40-hodin"},"acf":[],"yoast_head":"<!-- This site is optimized with the Yoast SEO plugin v27.5 - https:\/\/yoast.com\/product\/yoast-seo-wordpress\/ -->\n<title>Strech\u00e1r \u0161ikm\u00fdch striech - WE Bouwen<\/title>\n<meta name=\"description\" content=\"Si sk\u00fasen\u00fd strech\u00e1r \u0161ikm\u00fdch striech? Pracuj na rekon\u0161trukcii a novostavb\u00e1ch striech a prispej k udr\u017eate\u013enej v\u00fdstavbe v Holandsku.\" \/>\n<meta name=\"robots\" content=\"index, follow, max-snippet:-1, max-image-preview:large, max-video-preview:-1\" \/>\n<link rel=\"canonical\" href=\"https:\/\/webouwen.com\/sk\/vacature\/strechar-sikmych-striech\/\" \/>\n<meta property=\"og:locale\" content=\"sk_SK\" \/>\n<meta property=\"og:type\" content=\"article\" \/>\n<meta property=\"og:title\" content=\"Strech\u00e1r \u0161ikm\u00fdch striech - WE Bouwen\" \/>\n<meta property=\"og:description\" content=\"Si sk\u00fasen\u00fd strech\u00e1r \u0161ikm\u00fdch striech? Pracuj na rekon\u0161trukcii a novostavb\u00e1ch striech a prispej k udr\u017eate\u013enej v\u00fdstavbe v Holandsku.\" \/>\n<meta property=\"og:url\" content=\"https:\/\/webouwen.com\/sk\/vacature\/strechar-sikmych-striech\/\" \/>\n<meta property=\"og:site_name\" content=\"WE Bouwen\" \/>\n<meta property=\"article:publisher\" content=\"https:\/\/www.facebook.com\/webouwensamenmetjou\" \/>\n<meta property=\"article:modified_time\" content=\"2026-04-30T08:13:44+00:00\" \/>\n<meta name=\"twitter:card\" content=\"summary_large_image\" \/>\n<meta name=\"twitter:label1\" content=\"Predpokladan\u00fd \u010das \u010d\u00edtania\" \/>\n\t<meta name=\"twitter:data1\" content=\"2 min\u00faty\" \/>\n<script type=\"application\/ld+json\" class=\"yoast-schema-graph\">{\"@context\":\"https:\\\/\\\/schema.org\",\"@graph\":[{\"@type\":\"WebPage\",\"@id\":\"https:\\\/\\\/webouwen.com\\\/sk\\\/vacature\\\/strechar-sikmych-striech\\\/\",\"url\":\"https:\\\/\\\/webouwen.com\\\/sk\\\/vacature\\\/strechar-sikmych-striech\\\/\",\"name\":\"Strech\u00e1r \u0161ikm\u00fdch striech - WE Bouwen\",\"isPartOf\":{\"@id\":\"https:\\\/\\\/webouwen.com\\\/#website\"},\"datePublished\":\"2025-09-22T11:28:46+00:00\",\"dateModified\":\"2026-04-30T08:13:44+00:00\",\"description\":\"Si sk\u00fasen\u00fd strech\u00e1r \u0161ikm\u00fdch striech? Pracuj na rekon\u0161trukcii a novostavb\u00e1ch striech a prispej k udr\u017eate\u013enej v\u00fdstavbe v Holandsku.\",\"breadcrumb\":{\"@id\":\"https:\\\/\\\/webouwen.com\\\/sk\\\/vacature\\\/strechar-sikmych-striech\\\/#breadcrumb\"},\"inLanguage\":\"sk-SK\",\"potentialAction\":[{\"@type\":\"ReadAction\",\"target\":[\"https:\\\/\\\/webouwen.com\\\/sk\\\/vacature\\\/strechar-sikmych-striech\\\/\"]}]},{\"@type\":\"BreadcrumbList\",\"@id\":\"https:\\\/\\\/webouwen.com\\\/sk\\\/vacature\\\/strechar-sikmych-striech\\\/#breadcrumb\",\"itemListElement\":[{\"@type\":\"ListItem\",\"position\":1,\"name\":\"Home\",\"item\":\"https:\\\/\\\/webouwen.com\\\/sk\\\/\"},{\"@type\":\"ListItem\",\"position\":2,\"name\":\"Strech\u00e1r \u0161ikm\u00fdch striech\"}]},{\"@type\":\"WebSite\",\"@id\":\"https:\\\/\\\/webouwen.com\\\/#website\",\"url\":\"https:\\\/\\\/webouwen.com\\\/\",\"name\":\"WE Bouwen\",\"description\":\"Samen met jou\",\"publisher\":{\"@id\":\"https:\\\/\\\/webouwen.com\\\/#organization\"},\"potentialAction\":[{\"@type\":\"SearchAction\",\"target\":{\"@type\":\"EntryPoint\",\"urlTemplate\":\"https:\\\/\\\/webouwen.com\\\/?s={search_term_string}\"},\"query-input\":{\"@type\":\"PropertyValueSpecification\",\"valueRequired\":true,\"valueName\":\"search_term_string\"}}],\"inLanguage\":\"sk-SK\"},{\"@type\":\"Organization\",\"@id\":\"https:\\\/\\\/webouwen.com\\\/#organization\",\"name\":\"WE Bouwen\",\"url\":\"https:\\\/\\\/webouwen.com\\\/\",\"logo\":{\"@type\":\"ImageObject\",\"inLanguage\":\"sk-SK\",\"@id\":\"https:\\\/\\\/webouwen.com\\\/#\\\/schema\\\/logo\\\/image\\\/\",\"url\":\"https:\\\/\\\/webouwen.com\\\/wp-content\\\/uploads\\\/2022\\\/09\\\/logo-we-bouwen.png\",\"contentUrl\":\"https:\\\/\\\/webouwen.com\\\/wp-content\\\/uploads\\\/2022\\\/09\\\/logo-we-bouwen.png\",\"width\":1000,\"height\":376,\"caption\":\"WE Bouwen\"},\"image\":{\"@id\":\"https:\\\/\\\/webouwen.com\\\/#\\\/schema\\\/logo\\\/image\\\/\"},\"sameAs\":[\"https:\\\/\\\/www.facebook.com\\\/webouwensamenmetjou\",\"https:\\\/\\\/www.linkedin.com\\\/company\\\/we-bouwen\\\/\"]}]}<\/script>\n<!-- \/ Yoast SEO plugin. -->","yoast_head_json":{"title":"Strech\u00e1r \u0161ikm\u00fdch striech - WE Bouwen","description":"Si sk\u00fasen\u00fd strech\u00e1r \u0161ikm\u00fdch striech? Pracuj na rekon\u0161trukcii a novostavb\u00e1ch striech a prispej k udr\u017eate\u013enej v\u00fdstavbe v Holandsku.","robots":{"index":"index","follow":"follow","max-snippet":"max-snippet:-1","max-image-preview":"max-image-preview:large","max-video-preview":"max-video-preview:-1"},"canonical":"https:\/\/webouwen.com\/sk\/vacature\/strechar-sikmych-striech\/","og_locale":"sk_SK","og_type":"article","og_title":"Strech\u00e1r \u0161ikm\u00fdch striech - WE Bouwen","og_description":"Si sk\u00fasen\u00fd strech\u00e1r \u0161ikm\u00fdch striech? Pracuj na rekon\u0161trukcii a novostavb\u00e1ch striech a prispej k udr\u017eate\u013enej v\u00fdstavbe v Holandsku.","og_url":"https:\/\/webouwen.com\/sk\/vacature\/strechar-sikmych-striech\/","og_site_name":"WE Bouwen","article_publisher":"https:\/\/www.facebook.com\/webouwensamenmetjou","article_modified_time":"2026-04-30T08:13:44+00:00","twitter_card":"summary_large_image","twitter_misc":{"Predpokladan\u00fd \u010das \u010d\u00edtania":"2 min\u00faty"},"schema":{"@context":"https:\/\/schema.org","@graph":[{"@type":"WebPage","@id":"https:\/\/webouwen.com\/sk\/vacature\/strechar-sikmych-striech\/","url":"https:\/\/webouwen.com\/sk\/vacature\/strechar-sikmych-striech\/","name":"Strech\u00e1r \u0161ikm\u00fdch striech - WE Bouwen","isPartOf":{"@id":"https:\/\/webouwen.com\/#website"},"datePublished":"2025-09-22T11:28:46+00:00","dateModified":"2026-04-30T08:13:44+00:00","description":"Si sk\u00fasen\u00fd strech\u00e1r \u0161ikm\u00fdch striech? Pracuj na rekon\u0161trukcii a novostavb\u00e1ch striech a prispej k udr\u017eate\u013enej v\u00fdstavbe v Holandsku.","breadcrumb":{"@id":"https:\/\/webouwen.com\/sk\/vacature\/strechar-sikmych-striech\/#breadcrumb"},"inLanguage":"sk-SK","potentialAction":[{"@type":"ReadAction","target":["https:\/\/webouwen.com\/sk\/vacature\/strechar-sikmych-striech\/"]}]},{"@type":"BreadcrumbList","@id":"https:\/\/webouwen.com\/sk\/vacature\/strechar-sikmych-striech\/#breadcrumb","itemListElement":[{"@type":"ListItem","position":1,"name":"Home","item":"https:\/\/webouwen.com\/sk\/"},{"@type":"ListItem","position":2,"name":"Strech\u00e1r \u0161ikm\u00fdch striech"}]},{"@type":"WebSite","@id":"https:\/\/webouwen.com\/#website","url":"https:\/\/webouwen.com\/","name":"WE Bouwen","description":"Samen met jou","publisher":{"@id":"https:\/\/webouwen.com\/#organization"},"potentialAction":[{"@type":"SearchAction","target":{"@type":"EntryPoint","urlTemplate":"https:\/\/webouwen.com\/?s={search_term_string}"},"query-input":{"@type":"PropertyValueSpecification","valueRequired":true,"valueName":"search_term_string"}}],"inLanguage":"sk-SK"},{"@type":"Organization","@id":"https:\/\/webouwen.com\/#organization","name":"WE Bouwen","url":"https:\/\/webouwen.com\/","logo":{"@type":"ImageObject","inLanguage":"sk-SK","@id":"https:\/\/webouwen.com\/#\/schema\/logo\/image\/","url":"https:\/\/webouwen.com\/wp-content\/uploads\/2022\/09\/logo-we-bouwen.png","contentUrl":"https:\/\/webouwen.com\/wp-content\/uploads\/2022\/09\/logo-we-bouwen.png","width":1000,"height":376,"caption":"WE Bouwen"},"image":{"@id":"https:\/\/webouwen.com\/#\/schema\/logo\/image\/"},"sameAs":["https:\/\/www.facebook.com\/webouwensamenmetjou","https:\/\/www.linkedin.com\/company\/we-bouwen\/"]}]}},"_links":{"self":[{"href":"https:\/\/webouwen.com\/sk\/wp-json\/wp\/v2\/job-listings\/7324","targetHints":{"allow":["GET"]}}],"collection":[{"href":"https:\/\/webouwen.com\/sk\/wp-json\/wp\/v2\/job-listings"}],"about":[{"href":"https:\/\/webouwen.com\/sk\/wp-json\/wp\/v2\/types\/job_listing"}],"author":[{"embeddable":true,"href":"https:\/\/webouwen.com\/sk\/wp-json\/wp\/v2\/users\/4"}],"wp:attachment":[{"href":"https:\/\/webouwen.com\/sk\/wp-json\/wp\/v2\/media?parent=7324"}],"wp:term":[{"taxonomy":"job_listing_type","embeddable":true,"href":"https:\/\/webouwen.com\/sk\/wp-json\/wp\/v2\/job-types?post=7324"}],"curies":[{"name":"wp","href":"https:\/\/api.w.org\/{rel}","templated":true}]}}